{"id":78,"date":"2023-06-15T16:26:55","date_gmt":"2023-06-15T16:26:55","guid":{"rendered":"https:\/\/poesiesommer.ch\/?page_id=78"},"modified":"2025-06-29T19:53:22","modified_gmt":"2025-06-29T19:53:22","slug":"juli","status":"publish","type":"page","link":"https:\/\/poesiesommer.ch\/index.php\/juli\/","title":{"rendered":"Juli"},"content":{"rendered":"\t\t<div data-elementor-type=\"wp-page\" data-elementor-id=\"78\" class=\"elementor elementor-78\">\n\t\t\t\t\t\t<section class=\"elementor-section elementor-top-section elementor-element elementor-element-2e996e9 elementor-section-boxed elementor-section-height-default elementor-section-height-default\" data-id=\"2e996e9\" data-element_type=\"section\" data-e-type=\"section\">\n\t\t\t\t\t\t<div class=\"elementor-container elementor-column-gap-default\">\n\t\t\t\t\t<div class=\"elementor-column elementor-col-100 elementor-top-column elementor-element elementor-element-00438b4\" data-id=\"00438b4\" data-element_type=\"column\" data-e-type=\"column\">\n\t\t\t<div class=\"elementor-widget-wrap elementor-element-populated\">\n\t\t\t\t\t\t<div class=\"elementor-element elementor-element-97a78df elementor-widget elementor-widget-ekit-nav-menu\" data-id=\"97a78df\" data-element_type=\"widget\" data-e-type=\"widget\" data-widget_type=\"ekit-nav-menu.default\">\n\t\t\t\t<div class=\"elementor-widget-container\">\n\t\t\t\t\t\t\t<nav class=\"ekit-wid-con ekit_menu_responsive_tablet\"\n\t\t\tdata-hamburger-icon=\"\"\n\t\t\tdata-hamburger-icon-type=\"icon\"\n\t\t\tdata-responsive-breakpoint=\"1024\">\n\t\t\t            <button class=\"elementskit-menu-hamburger elementskit-menu-toggler\"  type=\"button\" aria-label=\"hamburger-icon\">\n                                    <span class=\"elementskit-menu-hamburger-icon\"><\/span><span class=\"elementskit-menu-hamburger-icon\"><\/span><span class=\"elementskit-menu-hamburger-icon\"><\/span>\n                            <\/button>\n            <div id=\"ekit-megamenu-hauptmenu\" class=\"elementskit-menu-container elementskit-menu-offcanvas-elements elementskit-navbar-nav-default ekit-nav-menu-one-page-no ekit-nav-dropdown-hover\"><ul id=\"menu-hauptmenu\" class=\"elementskit-navbar-nav elementskit-menu-po-right submenu-click-on-icon\"><li id=\"menu-item-91\" class=\"menu-item menu-item-type-post_type menu-item-object-page menu-item-home menu-item-has-children menu-item-91 nav-item elementskit-dropdown-has relative_position elementskit-dropdown-menu-default_width elementskit-mobile-builder-content\" data-vertical-menu=750px><a href=\"https:\/\/poesiesommer.ch\/\" class=\"ekit-menu-nav-link ekit-menu-dropdown-toggle\">Programm<i aria-hidden=\"true\" class=\"icon icon-down-arrow1 elementskit-submenu-indicator\"><\/i><\/a>\n<ul class=\"elementskit-dropdown elementskit-submenu-panel\">\n\t<li id=\"menu-item-473\" class=\"menu-item menu-item-type-post_type menu-item-object-page menu-item-473 nav-item elementskit-mobile-builder-content\" data-vertical-menu=750px><a href=\"https:\/\/poesiesommer.ch\/index.php\/juli\/\" class=\" dropdown-item\">Juli<\/a>\t<li id=\"menu-item-471\" class=\"menu-item menu-item-type-post_type menu-item-object-page menu-item-471 nav-item elementskit-mobile-builder-content\" data-vertical-menu=750px><a href=\"https:\/\/poesiesommer.ch\/index.php\/august\/\" class=\" dropdown-item\">August<\/a>\t<li id=\"menu-item-470\" class=\"menu-item menu-item-type-post_type menu-item-object-page menu-item-470 nav-item elementskit-mobile-builder-content\" data-vertical-menu=750px><a href=\"https:\/\/poesiesommer.ch\/index.php\/september\/\" class=\" dropdown-item\">September<\/a>\t<li id=\"menu-item-469\" class=\"menu-item menu-item-type-post_type menu-item-object-page menu-item-469 nav-item elementskit-mobile-builder-content\" data-vertical-menu=750px><a href=\"https:\/\/poesiesommer.ch\/index.php\/oktober\/\" class=\" dropdown-item\">Oktober<\/a>\t<li id=\"menu-item-468\" class=\"menu-item menu-item-type-post_type menu-item-object-page menu-item-468 nav-item elementskit-mobile-builder-content\" data-vertical-menu=750px><a href=\"https:\/\/poesiesommer.ch\/index.php\/november\/\" class=\" dropdown-item\">November<\/a><\/ul>\n<\/li>\n<li id=\"menu-item-472\" class=\"menu-item menu-item-type-post_type menu-item-object-page menu-item-472 nav-item elementskit-mobile-builder-content\" data-vertical-menu=750px><a href=\"https:\/\/poesiesommer.ch\/index.php\/kontakt\/\" class=\"ekit-menu-nav-link\">Kontakt<\/a><\/li>\n<\/ul><div class=\"elementskit-nav-identity-panel\"><button class=\"elementskit-menu-close elementskit-menu-toggler\" type=\"button\">X<\/button><\/div><\/div>\n\t\t\t<div class=\"elementskit-menu-overlay elementskit-menu-offcanvas-elements elementskit-menu-toggler ekit-nav-menu--overlay\"><\/div>        <\/nav>\n\t\t\t\t\t\t<\/div>\n\t\t\t\t<\/div>\n\t\t\t\t\t<\/div>\n\t\t<\/div>\n\t\t\t\t\t<\/div>\n\t\t<\/section>\n\t\t\t\t<section class=\"elementor-section elementor-top-section elementor-element elementor-element-96d709f elementor-section-boxed elementor-section-height-default elementor-section-height-default\" data-id=\"96d709f\" data-element_type=\"section\" data-e-type=\"section\">\n\t\t\t\t\t\t<div class=\"elementor-container elementor-column-gap-default\">\n\t\t\t\t\t<div class=\"elementor-column elementor-col-100 elementor-top-column elementor-element elementor-element-f900635\" data-id=\"f900635\" data-element_type=\"column\" data-e-type=\"column\">\n\t\t\t<div class=\"elementor-widget-wrap elementor-element-populated\">\n\t\t\t\t\t\t<div class=\"elementor-element elementor-element-fc3ea77 elementor-widget elementor-widget-text-editor\" data-id=\"fc3ea77\" data-element_type=\"widget\" data-e-type=\"widget\" data-widget_type=\"text-editor.default\">\n\t\t\t\t<div class=\"elementor-widget-container\">\n\t\t\t\t\t\t\t\t\t<p>Seetaler Poesiesommer 2025<\/p>\t\t\t\t\t\t\t\t<\/div>\n\t\t\t\t<\/div>\n\t\t\t\t\t<\/div>\n\t\t<\/div>\n\t\t\t\t\t<\/div>\n\t\t<\/section>\n\t\t\t\t<section class=\"elementor-section elementor-top-section elementor-element elementor-element-b54425d elementor-section-boxed elementor-section-height-default elementor-section-height-default\" data-id=\"b54425d\" data-element_type=\"section\" data-e-type=\"section\">\n\t\t\t\t\t\t<div class=\"elementor-container elementor-column-gap-default\">\n\t\t\t\t\t<div class=\"elementor-column elementor-col-100 elementor-top-column elementor-element elementor-element-75cae73\" data-id=\"75cae73\" data-element_type=\"column\" data-e-type=\"column\">\n\t\t\t<div class=\"elementor-widget-wrap elementor-element-populated\">\n\t\t\t\t\t\t<div class=\"elementor-element elementor-element-f66da07 elementor-widget elementor-widget-text-editor\" data-id=\"f66da07\" data-element_type=\"widget\" data-e-type=\"widget\" data-widget_type=\"text-editor.default\">\n\t\t\t\t<div class=\"elementor-widget-container\">\n\t\t\t\t\t\t\t\t\t<p><b>Juli<\/b><\/p>\t\t\t\t\t\t\t\t<\/div>\n\t\t\t\t<\/div>\n\t\t\t\t\t<\/div>\n\t\t<\/div>\n\t\t\t\t\t<\/div>\n\t\t<\/section>\n\t\t\t\t<section class=\"elementor-section elementor-top-section elementor-element elementor-element-4bc9ff1 elementor-section-boxed elementor-section-height-default elementor-section-height-default\" data-id=\"4bc9ff1\" data-element_type=\"section\" data-e-type=\"section\">\n\t\t\t\t\t\t<div class=\"elementor-container elementor-column-gap-default\">\n\t\t\t\t\t<div class=\"elementor-column elementor-col-100 elementor-top-column elementor-element elementor-element-0f7d0bc\" data-id=\"0f7d0bc\" data-element_type=\"column\" data-e-type=\"column\">\n\t\t\t<div class=\"elementor-widget-wrap\">\n\t\t\t\t\t\t\t<\/div>\n\t\t<\/div>\n\t\t\t\t\t<\/div>\n\t\t<\/section>\n\t\t\t\t<section class=\"elementor-section elementor-top-section elementor-element elementor-element-a0f85ba elementor-section-boxed elementor-section-height-default elementor-section-height-default\" data-id=\"a0f85ba\" data-element_type=\"section\" data-e-type=\"section\">\n\t\t\t\t\t\t<div class=\"elementor-container elementor-column-gap-default\">\n\t\t\t\t\t<div class=\"elementor-column elementor-col-100 elementor-top-column elementor-element elementor-element-0ea78bf\" data-id=\"0ea78bf\" data-element_type=\"column\" data-e-type=\"column\">\n\t\t\t<div class=\"elementor-widget-wrap elementor-element-populated\">\n\t\t\t\t\t\t<div class=\"elementor-element elementor-element-41a6b7f elementor-widget elementor-widget-text-editor\" data-id=\"41a6b7f\" data-element_type=\"widget\" data-e-type=\"widget\" data-widget_type=\"text-editor.default\">\n\t\t\t\t<div class=\"elementor-widget-container\">\n\t\t\t\t\t\t\t\t\t<h5><strong>Sonntag, 6. Juli, Schloss Heidegg, 11 Uhr<\/strong><\/h5><p>\u00abItalienische Reise \u2026\u00bb Eine literarisch-musikalische Hommage an den S\u00fcden. Zur Er\u00f6ffnung des diesj\u00e4hrigen Seetaler Poesiesommers laden der Musiker <strong>Hansruedi Zeder<\/strong> und die Rezitatorinnen <strong>Cornelia Masciadri<\/strong> und <strong>Monica Oliari<\/strong> zu einer abwechslungsreichen Matin\u00e9e ein, die ins Tessin und nach Italien f\u00fchrt. G\u00e4ste sind der italienische Komponist <strong>Stefano Ghisleri<\/strong>, dessen Werke zu den Preziosen im musikalischen Schaffen der Gegenwart z\u00e4hlen, sowie der italienische Dichter <strong>Leonardo Tonini<\/strong>. Zur Sprache kommen, in der \u00dcbersetzung von <strong>Christoph Ferber<\/strong>, Gedichte von <strong>Plinio Martini<\/strong>, <strong>Alberto Nessi<\/strong>, <strong>Virgilio Masciadri<\/strong>, <strong>Elena Spoerl<\/strong>, <strong>Enzo Pelli<\/strong>, <strong>Francesco Chies<\/strong>a, <strong>Sandro Penna<\/strong>, <strong>Eugenio Montale<\/strong>, <strong>Anna Felder<\/strong>, <strong>Leonardo Tonini<\/strong> und <strong>Ugo Petrini<\/strong>, bei dem es heisst: \u00abAnche stavolta \/ ce lo giocheremo \/ la vita \/ tra un&#8217;espirazione \/ e un&#8217;inspirazione \/ tirando ogni volta \/ forte il flato \/ come se fosse \/ l&#8217;ultima.\u00bb \u2013 \u00abAuch diesmal \/ werden wir das Leben \/ aufs Spiel setzen, \/ zwischen Aus- \/ und Einatmen, \/ den Hauch \/ immer heftig \/ einziehend, als w\u00e4r \/ es der letzte.\u00bb<br \/><br \/><\/p><h5><b>Sonntag, 6. Juli, Hunzenschwil, 16 Uhr<\/b><\/h5><p>\u00abDe la mer au cosmos\u00bb hiess eine denkw\u00fcrdige Ausstellung mit Malereien des schwedischen Nationaldichters <strong>August Strindberg<\/strong> 2016\/17 im Mus\u00e9e cantonal des Beaux-Arts in Lausanne. Der Komponist <strong>Stefano Ghisleri<\/strong> (*1985) liess sich von den Seest\u00fccken Strindbergs, die so poetische Namen tragen wie <em>Mer tempetueuse. Bou\u00e9e-balai<\/em>, <em>Le premier berceau de l&#8217;enfant<\/em> oder <em>Fleur sur le rivage<\/em>, zu einer fulminanten Komposition anregen. Nach Auff\u00fchrungen in Stockholm und Gersau spielt er seine <em>Strindberg-Suite f\u00fcr Klavier<\/em> erstmals in Hunzenschwil \u2013 wo sich schon Strindberg anno 1886 ganz in der N\u00e4he aufgehalten hatte. Und da Ghisleri \u2013 wie Strindberg \u2013 mehrfach begabt ist, liest er als Zugabe aus seinem Roman<em> La cantata del caff\u00e8<\/em>, worin es heisst: \u00abNon possiamo costringere il mondo a essere bello\u00bb \u2013 \u00abWir k\u00f6nnen die Welt nicht dazu zwingen, sch\u00f6n zu sein\u00bb. \u2013 Reservation erbeten.<br \/>Adresse: c\/o Strebel-Masciadri, Bahnhofstrasse 15 (vis-\u00e0-vis Bahnhof Hunzenschwil).<br \/><br \/><\/p><h5><b>Montag, 7. Juli, St. Urban, 17 Uhr<\/b><\/h5><p>\u00abAuch kleine Lichtblicke \/ werfen ihre Schatten \/ und ich ringe und k\u00e4mpfe \/ mit dem L\u00e4cheln \/ um weniger Schmerz\u00bb, schreibt <strong>Jeanette Blank<\/strong> (Steinen SZ) im Gedicht <em>St\u00e4rke<\/em>. Es findet sich im Gedichtband <em>Fragiles Herz<\/em>, den sie an dieser Lesung im Abtsaal des Klosters St. Urban vorstellt. \u2013 Treffpunkt: vor der Klosterkirche.<br \/><br \/><\/p><h5><strong>Dienstag, 8. Juli, Hochdorf, 17.15 Uhr<\/strong><\/h5><p>Fotos, die Geschichten erz\u00e4hlen, und Geschichten, die zur Musik f\u00fchren \u2013 oder die Frage nach der Musikalit\u00e4t der Fotografie: Stoff f\u00fcr einen k\u00fcnstlerischen Prozess mit offenem Ausgang, den die Germanistin und leidenschaftliche Fotografin <strong>Jeanette Blank<\/strong> (Steinen SZ), die Autorin <strong>Karin Mayerhofer<\/strong> (Niederbipp) und der Musiker <strong>Hansruedi Zeder<\/strong> (Hochdorf) miterleben lassen. \u2013 Adresse: c\/o Zeder Lehmann, Urswilstrasse 29. Treffpunkt f\u00fcr Ortsunkundige: Bahnhof Hochdorf, 17 Uhr.<br \/><br \/><\/p><h5><b>Mittwoch, 9. Juli, Schloss Hallwyl, 15 Uhr<\/b><\/h5><p>\u00abAm Ende des Fusswegs steht die Kapelle. Wir treten ein. Der schmale Raum liegt wie im Morgengrauen. Das angenehme Gef\u00fchl von Zeitabger\u00fccktheit ergreift mich: Hier \u00fcberdauert etwas, das auch dich \u00fcberdauern wird\u2026\u00bb So beginnt <strong>Rosemarie Keller<\/strong> (1937-2024) ihren Roman <em>Die Wallfahrt<\/em>, der von einem Hostienfrevel im 15. Jh. handelt. Die Aargauer Schriftstellerin und Journalistin l\u00e4sst diesem ihrem zweiten Buch aus dem Jahr 1989 weitere Romane folgen: <em>Clal\u00fcna \u2013 die Mittwisserin<\/em> (1993), <em>Die Wirtin<\/em> (1996) und <em>Ich bereue nicht einen meiner Schritte: Leben und Prozess der \u00c4rztin Caroline Farner<\/em> (2001). <strong>Pirmin Meier<\/strong> (Aesch LU) erinnert an die unl\u00e4ngst verstorbene Autorin und ihre Bedeutung f\u00fcr die Schweizer Literatur.<br \/><br \/><\/p><h5><strong>Mittwoch<\/strong><b>, 16. Juli, Berom\u00fcnster, 11 Uhr<\/b><\/h5><p>\u00abSolange der Mensch von sich aus \u2013 \u00e4sthetisch dienend \u2013 nichts beitr\u00e4gt, h\u00e4lt die Natur ihre Wunder bedeckt\u00bb, schreibt <strong>Max Dohner<\/strong> (Baden) in einem noch unver\u00f6ffentlichten Text. Bei einer Promenade mit dem Schriftsteller und langj\u00e4hrigen Journalisten l\u00e4sst sich sowohl \u00fcber die Literatur nachdenken wie auch \u00fcber die Wunder der Natur, wozu die Waldkathedrale im Schl\u00f6ssliwald das passende Ambiente bietet. \u2013 Treffpunkt: vor der Stiftskirche.<br \/><br \/><\/p><h5><b>Dienstag, 22. Juli, Beggingen (SH), 14 Uhr<\/b><\/h5><p>\u00abPlastische Sprache\u00bb: Der Raumarbeiter<strong>\u00a0Vincenzo Baviera<\/strong> (Beggingen) legt in seiner Werkdokumentation <em>Arbeiten im Raum: 2000-2023<\/em> eine faszinierende \u00dcbersicht seines Schaffens vor. Die dreidimensionalen Werke enthalten seine Forschung zu physikalisch-kosmischen Erfahrungen, zur Gesellschaft und unseren zwischenmenschlichen Beziehungen. Ein Vokabular der menschlichen Existenz. Der K\u00fcnstler kommentiert vor Ort ausgew\u00e4hlte Arbeiten.\u2013 Adresse: Bohlgass 5. Postautohaltestelle: <em>Beggingen, Dorf.<br \/><br \/><\/em><\/p><h5><b>Mittwoch, 23. Juli, Hohenrain, Turm Roten, 11 Uhr<\/b><\/h5><p>\u00abG\u00e5 ut i naturen \u2013 livsk\u00e4llan finns d\u00e4r\u00bb \u2013 \u00abGeh hinaus in die Natur \u2013 dort fliesst die Lebensquelle\u00bb, schrieb die schwedische K\u00fcnstlerin <strong>Natascha Jusopov<\/strong> (1925-2012) an ihre Ateliert\u00fcre. Aus ihren Briefen, die sie u.a. mit Harald Edelstam wechselte, und ihrer Kunst, die sich an der Natur orientierte, spricht sprudelnde Lebensfreude. <strong>Gerald Hochschild<\/strong> vermittelt Einblicke in ihr ereignisreiches Leben und Werk. \u2013 Bushaltestelle<em> Hohenrain, Post<\/em>.<br \/><br \/><\/p><h5><b>Samstag, 26. Juli, Monte Verit\u00e0 (TI), 16 Uhr<\/b><\/h5><p>\u00abOhne (m)ich und (d)ich\u00bb: Das Leben neu denken. Poesiesommer-Dialog \u00fcber eine subjektlose Sprache und ein Leben ausserhalb der Fesseln der Gesellschaft auf dem kulturtr\u00e4chtigen Monte Verit\u00e0. Treffpunkt: vor dem Museo Casa Anatta.<br \/><br \/><\/p><h5><b>Sonntag, 27. Juli, Loco (Onsernone), 13.30-16.30 Uhr<\/b><\/h5><p>\u00abBriefwechsel &#8211; lettere tra amici\u00bb:\u00a0Literarischer Nachmittag bei Annette Korolnik und Alexander Grass mit der Literaturwissenschafterin <strong>Ulrike Leuschner<\/strong> und den Germanisten <strong>Sven Hanuschek<\/strong> und<strong> Jan B\u00fcrger<\/strong>. Sie stellen zusammen mit <strong>Annette Korolnik<\/strong> den Briefwechsel zwischen <strong>Alfred Andersch<\/strong> und <strong>Gisela Groneuer<\/strong> sowie den Briefwechsel zwischen <strong>Max Frisch<\/strong> und <strong>Alfred Andersch<\/strong> vor. Dazwischen berichtet <strong>Barbara Paltenghi Malacrida<\/strong> von der Ausstellung im Museo d&#8217;Arte Mendrisio \u00fcber das Werk von <strong>Gisela Andersch<\/strong>. \u2013 Adresse: c\/o Annette Korolnik und Alexander Grass, Rossa 1. \u2013 Postautohaltestelle: <em>Loco Chiesa,<\/em> von dort Wanderweg zum Ortsteil Rossa. Anmeldung erw\u00fcnscht.<\/p>\t\t\t\t\t\t\t\t<\/div>\n\t\t\t\t<\/div>\n\t\t\t\t\t<\/div>\n\t\t<\/div>\n\t\t\t\t\t<\/div>\n\t\t<\/section>\n\t\t\t\t<section class=\"elementor-section elementor-top-section elementor-element elementor-element-a8734df elementor-section-boxed elementor-section-height-default elementor-section-height-default\" data-id=\"a8734df\" data-element_type=\"section\" data-e-type=\"section\">\n\t\t\t\t\t\t<div class=\"elementor-container elementor-column-gap-default\">\n\t\t\t\t\t<div class=\"elementor-column elementor-col-100 elementor-top-column elementor-element elementor-element-102c72d\" data-id=\"102c72d\" data-element_type=\"column\" data-e-type=\"column\">\n\t\t\t<div class=\"elementor-widget-wrap\">\n\t\t\t\t\t\t\t<\/div>\n\t\t<\/div>\n\t\t\t\t\t<\/div>\n\t\t<\/section>\n\t\t\t\t<section class=\"elementor-section elementor-top-section elementor-element elementor-element-c1e5373 elementor-section-boxed elementor-section-height-default elementor-section-height-default\" data-id=\"c1e5373\" data-element_type=\"section\" data-e-type=\"section\">\n\t\t\t\t\t\t<div class=\"elementor-container elementor-column-gap-default\">\n\t\t\t\t\t<div class=\"elementor-column elementor-col-100 elementor-top-column elementor-element elementor-element-acf058d\" data-id=\"acf058d\" data-element_type=\"column\" data-e-type=\"column\">\n\t\t\t<div class=\"elementor-widget-wrap elementor-element-populated\">\n\t\t\t\t\t\t<div class=\"elementor-element elementor-element-51e2443 elementor-widget elementor-widget-text-editor\" data-id=\"51e2443\" data-element_type=\"widget\" data-e-type=\"widget\" data-widget_type=\"text-editor.default\">\n\t\t\t\t<div class=\"elementor-widget-container\">\n\t\t\t\t\t\t\t\t\t<p><span style=\"font-family: 'Cambria',serif; mso-ascii-theme-font: minor-latin; mso-hansi-theme-font: minor-latin; mso-bidi-font-family: Helvetica; mso-ansi-language: DE-CH;\">Eintritt: Fr. 15.- <br \/>Reservationen sind erbeten an: ulrich.suter.kultur@bluewin.ch<br \/><\/span><\/p><p><span style=\"font-family: 'Cambria',serif; mso-ascii-theme-font: minor-latin; mso-hansi-theme-font: minor-latin; mso-bidi-font-family: Helvetica; mso-ansi-language: DE-CH;\">Die Programme <b>August \u2013 September &#8211; Oktober &#8211; November<\/b> erscheinen Ende des Vormonats. <\/span><\/p>\t\t\t\t\t\t\t\t<\/div>\n\t\t\t\t<\/div>\n\t\t\t\t\t<\/div>\n\t\t<\/div>\n\t\t\t\t\t<\/div>\n\t\t<\/section>\n\t\t\t\t<section class=\"elementor-section elementor-top-section elementor-element elementor-element-8f77d6c elementor-section-boxed elementor-section-height-default elementor-section-height-default\" data-id=\"8f77d6c\" data-element_type=\"section\" data-e-type=\"section\">\n\t\t\t\t\t\t<div class=\"elementor-container elementor-column-gap-default\">\n\t\t\t\t\t<div class=\"elementor-column elementor-col-100 elementor-top-column elementor-element elementor-element-6a79de1\" data-id=\"6a79de1\" data-element_type=\"column\" data-e-type=\"column\">\n\t\t\t<div class=\"elementor-widget-wrap elementor-element-populated\">\n\t\t\t\t\t\t<div class=\"elementor-element elementor-element-55ddc9d elementor-widget elementor-widget-spacer\" data-id=\"55ddc9d\" data-element_type=\"widget\" data-e-type=\"widget\" data-widget_type=\"spacer.default\">\n\t\t\t\t<div class=\"elementor-widget-container\">\n\t\t\t\t\t\t\t<div class=\"elementor-spacer\">\n\t\t\t<div class=\"elementor-spacer-inner\"><\/div>\n\t\t<\/div>\n\t\t\t\t\t\t<\/div>\n\t\t\t\t<\/div>\n\t\t\t\t\t<\/div>\n\t\t<\/div>\n\t\t\t\t\t<\/div>\n\t\t<\/section>\n\t\t\t\t<section class=\"elementor-section elementor-top-section elementor-element elementor-element-10d0f3f elementor-section-boxed elementor-section-height-default elementor-section-height-default\" data-id=\"10d0f3f\" data-element_type=\"section\" data-e-type=\"section\">\n\t\t\t\t\t\t<div class=\"elementor-container elementor-column-gap-default\">\n\t\t\t\t\t<div class=\"elementor-column elementor-col-33 elementor-top-column elementor-element elementor-element-13497a2\" data-id=\"13497a2\" data-element_type=\"column\" data-e-type=\"column\">\n\t\t\t<div class=\"elementor-widget-wrap elementor-element-populated\">\n\t\t\t\t\t\t<div class=\"elementor-element elementor-element-339f8d6 elementor-widget__width-initial elementor-widget elementor-widget-image\" data-id=\"339f8d6\" data-element_type=\"widget\" data-e-type=\"widget\" data-widget_type=\"image.default\">\n\t\t\t\t<div class=\"elementor-widget-container\">\n\t\t\t\t\t\t\t\t\t\t\t\t\t\t\t<img decoding=\"async\" width=\"300\" height=\"106\" src=\"https:\/\/poesiesommer.ch\/wp-content\/uploads\/2023\/06\/SWISSLOS-Kanton-Aargau-sw-300x106.jpg\" class=\"attachment-medium size-medium wp-image-138\" alt=\"\" srcset=\"https:\/\/poesiesommer.ch\/wp-content\/uploads\/2023\/06\/SWISSLOS-Kanton-Aargau-sw-300x106.jpg 300w, https:\/\/poesiesommer.ch\/wp-content\/uploads\/2023\/06\/SWISSLOS-Kanton-Aargau-sw-768x272.jpg 768w, https:\/\/poesiesommer.ch\/wp-content\/uploads\/2023\/06\/SWISSLOS-Kanton-Aargau-sw.jpg 920w\" sizes=\"(max-width: 300px) 100vw, 300px\" \/>\t\t\t\t\t\t\t\t\t\t\t\t\t\t\t<\/div>\n\t\t\t\t<\/div>\n\t\t\t\t\t<\/div>\n\t\t<\/div>\n\t\t\t\t<div class=\"elementor-column elementor-col-33 elementor-top-column elementor-element elementor-element-b17183f\" data-id=\"b17183f\" data-element_type=\"column\" data-e-type=\"column\">\n\t\t\t<div class=\"elementor-widget-wrap elementor-element-populated\">\n\t\t\t\t\t\t<div class=\"elementor-element elementor-element-8b633a3 elementor-widget__width-initial elementor-widget elementor-widget-image\" data-id=\"8b633a3\" data-element_type=\"widget\" data-e-type=\"widget\" data-widget_type=\"image.default\">\n\t\t\t\t<div class=\"elementor-widget-container\">\n\t\t\t\t\t\t\t\t\t\t\t\t\t\t\t<img fetchpriority=\"high\" decoding=\"async\" width=\"800\" height=\"121\" src=\"https:\/\/poesiesommer.ch\/wp-content\/uploads\/2023\/06\/kff_region_seetal_logotype.jpg\" class=\"attachment-large size-large wp-image-139\" alt=\"\" srcset=\"https:\/\/poesiesommer.ch\/wp-content\/uploads\/2023\/06\/kff_region_seetal_logotype.jpg 955w, https:\/\/poesiesommer.ch\/wp-content\/uploads\/2023\/06\/kff_region_seetal_logotype-300x46.jpg 300w, https:\/\/poesiesommer.ch\/wp-content\/uploads\/2023\/06\/kff_region_seetal_logotype-768x117.jpg 768w\" sizes=\"(max-width: 800px) 100vw, 800px\" \/>\t\t\t\t\t\t\t\t\t\t\t\t\t\t\t<\/div>\n\t\t\t\t<\/div>\n\t\t\t\t\t<\/div>\n\t\t<\/div>\n\t\t\t\t<div class=\"elementor-column elementor-col-33 elementor-top-column elementor-element elementor-element-ec44ad0\" data-id=\"ec44ad0\" data-element_type=\"column\" data-e-type=\"column\">\n\t\t\t<div class=\"elementor-widget-wrap elementor-element-populated\">\n\t\t\t\t\t\t<div class=\"elementor-element elementor-element-41f13a0 elementor-widget__width-initial elementor-widget elementor-widget-image\" data-id=\"41f13a0\" data-element_type=\"widget\" data-e-type=\"widget\" data-widget_type=\"image.default\">\n\t\t\t\t<div class=\"elementor-widget-container\">\n\t\t\t\t\t\t\t\t\t\t\t\t\t\t\t<img decoding=\"async\" width=\"333\" height=\"436\" src=\"https:\/\/poesiesommer.ch\/wp-content\/uploads\/2023\/08\/logo-oertlistiftung.jpg\" class=\"attachment-large size-large wp-image-816\" alt=\"\" srcset=\"https:\/\/poesiesommer.ch\/wp-content\/uploads\/2023\/08\/logo-oertlistiftung.jpg 333w, https:\/\/poesiesommer.ch\/wp-content\/uploads\/2023\/08\/logo-oertlistiftung-229x300.jpg 229w\" sizes=\"(max-width: 333px) 100vw, 333px\" \/>\t\t\t\t\t\t\t\t\t\t\t\t\t\t\t<\/div>\n\t\t\t\t<\/div>\n\t\t\t\t\t<\/div>\n\t\t<\/div>\n\t\t\t\t\t<\/div>\n\t\t<\/section>\n\t\t\t\t<section class=\"elementor-section elementor-top-section elementor-element elementor-element-c0dafae elementor-section-boxed elementor-section-height-default elementor-section-height-default\" data-id=\"c0dafae\" data-element_type=\"section\" data-e-type=\"section\">\n\t\t\t\t\t\t<div class=\"elementor-container elementor-column-gap-default\">\n\t\t\t\t\t<div class=\"elementor-column elementor-col-100 elementor-top-column elementor-element elementor-element-b42697e\" data-id=\"b42697e\" data-element_type=\"column\" data-e-type=\"column\">\n\t\t\t<div class=\"elementor-widget-wrap elementor-element-populated\">\n\t\t\t\t\t\t<div class=\"elementor-element elementor-element-0807c21 elementor-widget elementor-widget-html\" data-id=\"0807c21\" data-element_type=\"widget\" data-e-type=\"widget\" data-widget_type=\"html.default\">\n\t\t\t\t<div class=\"elementor-widget-container\">\n\t\t\t\t\t<script type=\"text\/javascript\">window.addEventListener('DOMContentLoaded', function() {\n\njQuery(document).ready(function() {\n    jQuery('#wph-back-button').on('click', function() {\n      window.history.go(-1);\n      return false;\n    });\n});\n\n});<\/script>\t\t\t\t<\/div>\n\t\t\t\t<\/div>\n\t\t\t\t\t<\/div>\n\t\t<\/div>\n\t\t\t\t\t<\/div>\n\t\t<\/section>\n\t\t\t\t<section class=\"elementor-section elementor-top-section elementor-element elementor-element-49de339 elementor-section-boxed elementor-section-height-default elementor-section-height-default\" data-id=\"49de339\" data-element_type=\"section\" data-e-type=\"section\">\n\t\t\t\t\t\t<div class=\"elementor-container elementor-column-gap-default\">\n\t\t\t\t\t<div class=\"elementor-column elementor-col-33 elementor-top-column elementor-element elementor-element-8d78397\" data-id=\"8d78397\" data-element_type=\"column\" data-e-type=\"column\">\n\t\t\t<div class=\"elementor-widget-wrap elementor-element-populated\">\n\t\t\t\t\t\t<div class=\"elementor-element elementor-element-f825c61 elementor-widget elementor-widget-text-editor\" data-id=\"f825c61\" data-element_type=\"widget\" data-e-type=\"widget\" data-widget_type=\"text-editor.default\">\n\t\t\t\t<div class=\"elementor-widget-container\">\n\t\t\t\t\t\t\t\t\t<p><b>Koch Berner Stiftung<\/b><br \/><b>Josef M\u00fcller Stiftung Muri<br \/>Gemeinde Hochdorf<br \/><\/b><b>Vereinigung Pro Heidegg<br \/>Historische Vereinigung Seetal und Umgebung<br \/><\/b><\/p>\t\t\t\t\t\t\t\t<\/div>\n\t\t\t\t<\/div>\n\t\t\t\t\t<\/div>\n\t\t<\/div>\n\t\t\t\t<div class=\"elementor-column elementor-col-33 elementor-top-column elementor-element elementor-element-6d45344\" data-id=\"6d45344\" data-element_type=\"column\" data-e-type=\"column\">\n\t\t\t<div class=\"elementor-widget-wrap elementor-element-populated\">\n\t\t\t\t\t\t<div class=\"elementor-element elementor-element-d73ea4d elementor-widget__width-initial elementor-widget elementor-widget-image\" data-id=\"d73ea4d\" data-element_type=\"widget\" data-e-type=\"widget\" data-widget_type=\"image.default\">\n\t\t\t\t<div class=\"elementor-widget-container\">\n\t\t\t\t\t\t\t\t\t\t\t\t\t\t\t<img loading=\"lazy\" decoding=\"async\" width=\"800\" height=\"281\" src=\"https:\/\/poesiesommer.ch\/wp-content\/uploads\/2023\/06\/EGS_Schriftzug_2_schwarz-1024x360.jpg\" class=\"attachment-large size-large wp-image-651\" alt=\"\" srcset=\"https:\/\/poesiesommer.ch\/wp-content\/uploads\/2023\/06\/EGS_Schriftzug_2_schwarz-1024x360.jpg 1024w, https:\/\/poesiesommer.ch\/wp-content\/uploads\/2023\/06\/EGS_Schriftzug_2_schwarz-300x105.jpg 300w, https:\/\/poesiesommer.ch\/wp-content\/uploads\/2023\/06\/EGS_Schriftzug_2_schwarz-768x270.jpg 768w, https:\/\/poesiesommer.ch\/wp-content\/uploads\/2023\/06\/EGS_Schriftzug_2_schwarz.jpg 1512w\" sizes=\"(max-width: 800px) 100vw, 800px\" \/>\t\t\t\t\t\t\t\t\t\t\t\t\t\t\t<\/div>\n\t\t\t\t<\/div>\n\t\t\t\t\t<\/div>\n\t\t<\/div>\n\t\t\t\t<div class=\"elementor-column elementor-col-33 elementor-top-column elementor-element elementor-element-cf5e27d\" data-id=\"cf5e27d\" data-element_type=\"column\" data-e-type=\"column\">\n\t\t\t<div class=\"elementor-widget-wrap elementor-element-populated\">\n\t\t\t\t\t\t<div class=\"elementor-element elementor-element-f22fc28 elementor-widget__width-initial elementor-widget elementor-widget-image\" data-id=\"f22fc28\" data-element_type=\"widget\" data-e-type=\"widget\" data-widget_type=\"image.default\">\n\t\t\t\t<div class=\"elementor-widget-container\">\n\t\t\t\t\t\t\t\t\t\t\t\t\t\t\t<img loading=\"lazy\" decoding=\"async\" width=\"800\" height=\"182\" src=\"https:\/\/poesiesommer.ch\/wp-content\/uploads\/2023\/06\/SCHWEDISCHE-BOTSCHAFT_BERN_RGB-1024x233.jpg\" class=\"attachment-large size-large wp-image-565\" alt=\"\" srcset=\"https:\/\/poesiesommer.ch\/wp-content\/uploads\/2023\/06\/SCHWEDISCHE-BOTSCHAFT_BERN_RGB-1024x233.jpg 1024w, https:\/\/poesiesommer.ch\/wp-content\/uploads\/2023\/06\/SCHWEDISCHE-BOTSCHAFT_BERN_RGB-300x68.jpg 300w, https:\/\/poesiesommer.ch\/wp-content\/uploads\/2023\/06\/SCHWEDISCHE-BOTSCHAFT_BERN_RGB-768x175.jpg 768w, https:\/\/poesiesommer.ch\/wp-content\/uploads\/2023\/06\/SCHWEDISCHE-BOTSCHAFT_BERN_RGB-1536x349.jpg 1536w, https:\/\/poesiesommer.ch\/wp-content\/uploads\/2023\/06\/SCHWEDISCHE-BOTSCHAFT_BERN_RGB-2048x466.jpg 2048w\" sizes=\"(max-width: 800px) 100vw, 800px\" \/>\t\t\t\t\t\t\t\t\t\t\t\t\t\t\t<\/div>\n\t\t\t\t<\/div>\n\t\t\t\t\t<\/div>\n\t\t<\/div>\n\t\t\t\t\t<\/div>\n\t\t<\/section>\n\t\t\t\t<\/div>\n\t\t","protected":false},"excerpt":{"rendered":"<p>Programm Juli August September Oktober November Kontakt X Seetaler Poesiesommer 2025 Juli Sonntag, 6. Juli, Schloss Heidegg, 11 Uhr \u00abItalienische Reise \u2026\u00bb Eine literarisch-musikalische Hommage an den S\u00fcden. Zur Er\u00f6ffnung des diesj\u00e4hrigen Seetaler Poesiesommers laden der Musiker Hansruedi Zeder und die Rezitatorinnen Cornelia Masciadri und Monica Oliari zu einer abwechslungsreichen Matin\u00e9e ein, die ins Tessin [&hellip;]<\/p>\n","protected":false},"author":1,"featured_media":0,"parent":0,"menu_order":0,"comment_status":"closed","ping_status":"closed","template":"elementor_canvas","meta":{"footnotes":""},"class_list":["post-78","page","type-page","status-publish","hentry"],"_links":{"self":[{"href":"https:\/\/poesiesommer.ch\/index.php\/wp-json\/wp\/v2\/pages\/78","targetHints":{"allow":["GET"]}}],"collection":[{"href":"https:\/\/poesiesommer.ch\/index.php\/wp-json\/wp\/v2\/pages"}],"about":[{"href":"https:\/\/poesiesommer.ch\/index.php\/wp-json\/wp\/v2\/types\/page"}],"author":[{"embeddable":true,"href":"https:\/\/poesiesommer.ch\/index.php\/wp-json\/wp\/v2\/users\/1"}],"replies":[{"embeddable":true,"href":"https:\/\/poesiesommer.ch\/index.php\/wp-json\/wp\/v2\/comments?post=78"}],"version-history":[{"count":191,"href":"https:\/\/poesiesommer.ch\/index.php\/wp-json\/wp\/v2\/pages\/78\/revisions"}],"predecessor-version":[{"id":1480,"href":"https:\/\/poesiesommer.ch\/index.php\/wp-json\/wp\/v2\/pages\/78\/revisions\/1480"}],"wp:attachment":[{"href":"https:\/\/poesiesommer.ch\/index.php\/wp-json\/wp\/v2\/media?parent=78"}],"curies":[{"name":"wp","href":"https:\/\/api.w.org\/{rel}","templated":true}]}}