{"id":36,"date":"2023-06-15T15:26:47","date_gmt":"2023-06-15T15:26:47","guid":{"rendered":"https:\/\/poesiesommer.ch\/?page_id=36"},"modified":"2025-10-28T21:30:52","modified_gmt":"2025-10-28T21:30:52","slug":"home","status":"publish","type":"page","link":"https:\/\/poesiesommer.ch\/","title":{"rendered":"Programm"},"content":{"rendered":"\t\t<div data-elementor-type=\"wp-page\" data-elementor-id=\"36\" class=\"elementor elementor-36\">\n\t\t\t\t\t\t<section class=\"elementor-section elementor-top-section elementor-element elementor-element-fa074c1 elementor-section-boxed elementor-section-height-default elementor-section-height-default\" data-id=\"fa074c1\" data-element_type=\"section\" data-e-type=\"section\">\n\t\t\t\t\t\t<div class=\"elementor-container elementor-column-gap-default\">\n\t\t\t\t\t<div class=\"elementor-column elementor-col-100 elementor-top-column elementor-element elementor-element-c34b269\" data-id=\"c34b269\" data-element_type=\"column\" data-e-type=\"column\">\n\t\t\t<div class=\"elementor-widget-wrap elementor-element-populated\">\n\t\t\t\t\t\t<div class=\"elementor-element elementor-element-3c9a06a elementor-widget elementor-widget-ekit-nav-menu\" data-id=\"3c9a06a\" data-element_type=\"widget\" data-e-type=\"widget\" data-widget_type=\"ekit-nav-menu.default\">\n\t\t\t\t<div class=\"elementor-widget-container\">\n\t\t\t\t\t\t\t<nav class=\"ekit-wid-con ekit_menu_responsive_tablet\"\n\t\t\tdata-hamburger-icon=\"\"\n\t\t\tdata-hamburger-icon-type=\"icon\"\n\t\t\tdata-responsive-breakpoint=\"1024\">\n\t\t\t            <button class=\"elementskit-menu-hamburger elementskit-menu-toggler\"  type=\"button\" aria-label=\"hamburger-icon\">\n                                    <span class=\"elementskit-menu-hamburger-icon\"><\/span><span class=\"elementskit-menu-hamburger-icon\"><\/span><span class=\"elementskit-menu-hamburger-icon\"><\/span>\n                            <\/button>\n            <div id=\"ekit-megamenu-hauptmenu\" class=\"elementskit-menu-container elementskit-menu-offcanvas-elements elementskit-navbar-nav-default ekit-nav-menu-one-page-no ekit-nav-dropdown-hover\"><ul id=\"menu-hauptmenu\" class=\"elementskit-navbar-nav elementskit-menu-po-right submenu-click-on-icon\"><li id=\"menu-item-91\" class=\"menu-item menu-item-type-post_type menu-item-object-page menu-item-home menu-item-has-children menu-item-91 nav-item elementskit-dropdown-has relative_position elementskit-dropdown-menu-default_width elementskit-mobile-builder-content\" data-vertical-menu=750px><a href=\"https:\/\/poesiesommer.ch\/\" class=\"ekit-menu-nav-link ekit-menu-dropdown-toggle\">Programm<i aria-hidden=\"true\" class=\"icon icon-down-arrow1 elementskit-submenu-indicator\"><\/i><\/a>\n<ul class=\"elementskit-dropdown elementskit-submenu-panel\">\n\t<li id=\"menu-item-473\" class=\"menu-item menu-item-type-post_type menu-item-object-page menu-item-473 nav-item elementskit-mobile-builder-content\" data-vertical-menu=750px><a href=\"https:\/\/poesiesommer.ch\/index.php\/juli\/\" class=\" dropdown-item\">Juli<\/a>\t<li id=\"menu-item-471\" class=\"menu-item menu-item-type-post_type menu-item-object-page menu-item-471 nav-item elementskit-mobile-builder-content\" data-vertical-menu=750px><a href=\"https:\/\/poesiesommer.ch\/index.php\/august\/\" class=\" dropdown-item\">August<\/a>\t<li id=\"menu-item-470\" class=\"menu-item menu-item-type-post_type menu-item-object-page menu-item-470 nav-item elementskit-mobile-builder-content\" data-vertical-menu=750px><a href=\"https:\/\/poesiesommer.ch\/index.php\/september\/\" class=\" dropdown-item\">September<\/a>\t<li id=\"menu-item-469\" class=\"menu-item menu-item-type-post_type menu-item-object-page menu-item-469 nav-item elementskit-mobile-builder-content\" data-vertical-menu=750px><a href=\"https:\/\/poesiesommer.ch\/index.php\/oktober\/\" class=\" dropdown-item\">Oktober<\/a>\t<li id=\"menu-item-468\" class=\"menu-item menu-item-type-post_type menu-item-object-page menu-item-468 nav-item elementskit-mobile-builder-content\" data-vertical-menu=750px><a href=\"https:\/\/poesiesommer.ch\/index.php\/november\/\" class=\" dropdown-item\">November<\/a><\/ul>\n<\/li>\n<li id=\"menu-item-472\" class=\"menu-item menu-item-type-post_type menu-item-object-page menu-item-472 nav-item elementskit-mobile-builder-content\" data-vertical-menu=750px><a href=\"https:\/\/poesiesommer.ch\/index.php\/kontakt\/\" class=\"ekit-menu-nav-link\">Kontakt<\/a><\/li>\n<\/ul><div class=\"elementskit-nav-identity-panel\"><button class=\"elementskit-menu-close elementskit-menu-toggler\" type=\"button\">X<\/button><\/div><\/div>\n\t\t\t<div class=\"elementskit-menu-overlay elementskit-menu-offcanvas-elements elementskit-menu-toggler ekit-nav-menu--overlay\"><\/div>        <\/nav>\n\t\t\t\t\t\t<\/div>\n\t\t\t\t<\/div>\n\t\t\t\t\t<\/div>\n\t\t<\/div>\n\t\t\t\t\t<\/div>\n\t\t<\/section>\n\t\t\t\t<section class=\"elementor-section elementor-top-section elementor-element elementor-element-cc94eb5 elementor-section-content-top elementor-section-boxed elementor-section-height-default elementor-section-height-default\" data-id=\"cc94eb5\" data-element_type=\"section\" data-e-type=\"section\">\n\t\t\t\t\t\t<div class=\"elementor-container elementor-column-gap-default\">\n\t\t\t\t\t<div class=\"elementor-column elementor-col-100 elementor-top-column elementor-element elementor-element-1a0ebcc\" data-id=\"1a0ebcc\" data-element_type=\"column\" data-e-type=\"column\">\n\t\t\t<div class=\"elementor-widget-wrap elementor-element-populated\">\n\t\t\t\t\t\t<div class=\"elementor-element elementor-element-627cd4f elementor-widget elementor-widget-text-editor\" data-id=\"627cd4f\" data-element_type=\"widget\" data-e-type=\"widget\" data-widget_type=\"text-editor.default\">\n\t\t\t\t<div class=\"elementor-widget-container\">\n\t\t\t\t\t\t\t\t\t<p>Seetaler Poesiesommer 2025<\/p>\t\t\t\t\t\t\t\t<\/div>\n\t\t\t\t<\/div>\n\t\t\t\t\t<\/div>\n\t\t<\/div>\n\t\t\t\t\t<\/div>\n\t\t<\/section>\n\t\t\t\t<section class=\"elementor-section elementor-top-section elementor-element elementor-element-9d4b016 elementor-section-boxed elementor-section-height-default elementor-section-height-default\" data-id=\"9d4b016\" data-element_type=\"section\" data-e-type=\"section\">\n\t\t\t\t\t\t<div class=\"elementor-container elementor-column-gap-default\">\n\t\t\t\t\t<div class=\"elementor-column elementor-col-100 elementor-top-column elementor-element elementor-element-57883e5\" data-id=\"57883e5\" data-element_type=\"column\" data-e-type=\"column\">\n\t\t\t<div class=\"elementor-widget-wrap elementor-element-populated\">\n\t\t\t\t\t\t<div class=\"elementor-element elementor-element-d206db9 elementor-widget elementor-widget-text-editor\" data-id=\"d206db9\" data-element_type=\"widget\" data-e-type=\"widget\" data-widget_type=\"text-editor.default\">\n\t\t\t\t<div class=\"elementor-widget-container\">\n\t\t\t\t\t\t\t\t\t<p><span lang=\"DE\" style=\"font-family: 'Cambria',serif; mso-ascii-theme-font: minor-latin; mso-hansi-theme-font: minor-latin; mso-bidi-font-family: Arial;\">Das Erleben des poetischen Moments bildet den Angelpunkt des Seetaler Poesiesommers. Das Festival der leisen T\u00f6ne lebt auch in der 26. Ausgabe von seiner Spontaneit\u00e4t und regt an, dass sich Kultur im lokalen und (inter-)nationalen Austausch mitteile, unter B\u00e4umen und im Salon, im Atelier oder im Ried, auf Burgen und im Ruderboot, stets mit Blick auch auf Entlegenes, mit Anl\u00e4ssen von Juli bis November. <br \/><\/span><\/p><p><style>@font-face<br \/>\t{font-family:\"Cambria Math\";<br \/>\tpanose-1:2 4 5 3 5 4 6 3 2 4;<br \/>\tmso-font-charset:0;<br \/>\tmso-generic-font-family:roman;<br \/>\tmso-font-pitch:variable;<br \/>\tmso-font-signature:3 0 0 0 1 0;}@font-face<br \/>\t{font-family:Cambria;<br \/>\tpanose-1:2 4 5 3 5 4 6 3 2 4;<br \/>\tmso-font-charset:0;<br \/>\tmso-generic-font-family:roman;<br \/>\tmso-font-pitch:variable;<br \/>\tmso-font-signature:-536870145 1073743103 0 0 415 0;}p.MsoNormal, li.MsoNormal, div.MsoNormal<br \/>\t{mso-style-unhide:no;<br \/>\tmso-style-qformat:yes;<br \/>\tmso-style-parent:\"\";<br \/>\tmargin:0cm;<br \/>\tmso-pagination:widow-orphan;<br \/>\tfont-size:10.0pt;<br \/>\tfont-family:\"Times New Roman\",serif;<br \/>\tmso-fareast-font-family:\"Times New Roman\";<br \/>\tmso-ansi-language:DE;<br \/>\tmso-fareast-language:DE-AT;}.MsoChpDefault<br \/>\t{mso-style-type:export-only;<br \/>\tmso-default-props:yes;<br \/>\tfont-family:\"Cambria\",serif;<br \/>\tmso-ascii-font-family:Cambria;<br \/>\tmso-ascii-theme-font:minor-latin;<br \/>\tmso-fareast-font-family:\"MS Mincho\";<br \/>\tmso-fareast-theme-font:minor-fareast;<br \/>\tmso-hansi-font-family:Cambria;<br \/>\tmso-hansi-theme-font:minor-latin;<br \/>\tmso-bidi-font-family:\"Times New Roman\";<br \/>\tmso-bidi-theme-font:minor-bidi;<br \/>\tmso-ansi-language:DE;}div.WordSection1<br \/>\t{page:WordSection1;}<\/style><\/p>\t\t\t\t\t\t\t\t<\/div>\n\t\t\t\t<\/div>\n\t\t\t\t\t<\/div>\n\t\t<\/div>\n\t\t\t\t\t<\/div>\n\t\t<\/section>\n\t\t\t\t<section class=\"elementor-section elementor-top-section elementor-element elementor-element-eeb536d elementor-section-boxed elementor-section-height-default elementor-section-height-default\" data-id=\"eeb536d\" data-element_type=\"section\" data-e-type=\"section\">\n\t\t\t\t\t\t<div class=\"elementor-container elementor-column-gap-default\">\n\t\t\t\t\t<div class=\"elementor-column elementor-col-100 elementor-top-column elementor-element elementor-element-175f783\" data-id=\"175f783\" data-element_type=\"column\" data-e-type=\"column\">\n\t\t\t<div class=\"elementor-widget-wrap elementor-element-populated\">\n\t\t\t\t\t\t\t<\/div>\n\t\t<\/div>\n\t\t\t\t\t<\/div>\n\t\t<\/section>\n\t\t\t\t<section class=\"elementor-section elementor-top-section elementor-element elementor-element-479bfac elementor-section-boxed elementor-section-height-default elementor-section-height-default\" data-id=\"479bfac\" data-element_type=\"section\" data-e-type=\"section\">\n\t\t\t\t\t\t<div class=\"elementor-container elementor-column-gap-default\">\n\t\t\t\t\t<div class=\"elementor-column elementor-col-100 elementor-top-column elementor-element elementor-element-e20cd32\" data-id=\"e20cd32\" data-element_type=\"column\" data-e-type=\"column\">\n\t\t\t<div class=\"elementor-widget-wrap elementor-element-populated\">\n\t\t\t\t\t\t<div class=\"elementor-element elementor-element-5d9ad58 elementor-widget elementor-widget-text-editor\" data-id=\"5d9ad58\" data-element_type=\"widget\" data-e-type=\"widget\" data-widget_type=\"text-editor.default\">\n\t\t\t\t<div class=\"elementor-widget-container\">\n\t\t\t\t\t\t\t\t\t<h4 style=\"text-align: center;\"><b>Veranstaltungen Juli \u2013 November 2025<\/b><\/h4>\t\t\t\t\t\t\t\t<\/div>\n\t\t\t\t<\/div>\n\t\t\t\t\t<\/div>\n\t\t<\/div>\n\t\t\t\t\t<\/div>\n\t\t<\/section>\n\t\t\t\t<section class=\"elementor-section elementor-top-section elementor-element elementor-element-1ee607f elementor-section-boxed elementor-section-height-default elementor-section-height-default\" data-id=\"1ee607f\" data-element_type=\"section\" data-e-type=\"section\">\n\t\t\t\t\t\t<div class=\"elementor-container elementor-column-gap-default\">\n\t\t\t\t\t<div class=\"elementor-column elementor-col-100 elementor-top-column elementor-element elementor-element-4bfd479\" data-id=\"4bfd479\" data-element_type=\"column\" data-e-type=\"column\">\n\t\t\t<div class=\"elementor-widget-wrap\">\n\t\t\t\t\t\t\t<\/div>\n\t\t<\/div>\n\t\t\t\t\t<\/div>\n\t\t<\/section>\n\t\t\t\t<section class=\"elementor-section elementor-top-section elementor-element elementor-element-984cf5f elementor-section-boxed elementor-section-height-default elementor-section-height-default\" data-id=\"984cf5f\" data-element_type=\"section\" data-e-type=\"section\">\n\t\t\t\t\t\t<div class=\"elementor-container elementor-column-gap-default\">\n\t\t\t\t\t<div class=\"elementor-column elementor-col-100 elementor-top-column elementor-element elementor-element-d7c8f45\" data-id=\"d7c8f45\" data-element_type=\"column\" data-e-type=\"column\">\n\t\t\t<div class=\"elementor-widget-wrap elementor-element-populated\">\n\t\t\t\t\t\t<div class=\"elementor-element elementor-element-a12b282 elementor-widget elementor-widget-text-editor\" data-id=\"a12b282\" data-element_type=\"widget\" data-e-type=\"widget\" data-widget_type=\"text-editor.default\">\n\t\t\t\t<div class=\"elementor-widget-container\">\n\t\t\t\t\t\t\t\t\t<h5><strong>Sonntag, 6. Juli, Schloss Heidegg, 11 Uhr<\/strong><\/h5><p>\u00abItalienische Reise \u2026\u00bb Eine literarisch-musikalische Hommage an den S\u00fcden. Zur Er\u00f6ffnung des diesj\u00e4hrigen Seetaler Poesiesommers laden der Musiker <strong>Hansruedi Zeder<\/strong> und die Rezitatorinnen <strong>Cornelia Masciadri<\/strong> und <strong>Monica Oliari<\/strong> zu einer abwechslungsreichen Matin\u00e9e ein, die ins Tessin und nach Italien f\u00fchrt. G\u00e4ste sind der italienische Komponist <strong>Stefano Ghisleri<\/strong>, dessen Werke zu den Preziosen im musikalischen Schaffen der Gegenwart z\u00e4hlen, sowie der italienische Dichter <strong>Leonardo Tonini<\/strong>. Zur Sprache kommen, in der \u00dcbersetzung von <strong>Christoph Ferber<\/strong>, Gedichte von <strong>Plinio Martini<\/strong>, <strong>Alberto Nessi<\/strong>, <strong>Virgilio Masciadri<\/strong>, <strong>Elena Spoerl<\/strong>, <strong>Enzo Pelli<\/strong>, <strong>Francesco Chies<\/strong>a, <strong>Sandro Penna<\/strong>, <strong>Eugenio Montale<\/strong>, <strong>Anna Felder<\/strong>, <strong>Leonardo Tonini<\/strong> und <strong>Ugo Petrini<\/strong>, bei dem es heisst: \u00abAnche stavolta \/ ce lo giocheremo \/ la vita \/ tra un&#8217;espirazione \/ e un&#8217;inspirazione \/ tirando ogni volta \/ forte il flato \/ come se fosse \/ l&#8217;ultima.\u00bb \u2013 \u00abAuch diesmal \/ werden wir das Leben \/ aufs Spiel setzen, \/ zwischen Aus- \/ und Einatmen, \/ den Hauch \/ immer heftig \/ einziehend, als w\u00e4r \/ es der letzte.\u00bb<br \/><br \/><\/p><h5><b>Sonntag, 6. Juli, Hunzenschwil, 16 Uhr<\/b><\/h5><p>\u00abDe la mer au cosmos\u00bb hiess eine denkw\u00fcrdige Ausstellung mit Malereien des schwedischen Nationaldichters <strong>August Strindberg<\/strong> 2016\/17 im Mus\u00e9e cantonal des Beaux-Arts in Lausanne. Der Komponist <strong>Stefano Ghisleri<\/strong> (*1985) liess sich von den Seest\u00fccken Strindbergs, die so poetische Namen tragen wie <em>Mer tempetueuse. Bou\u00e9e-balai<\/em>, <em>Le premier berceau de l&#8217;enfant<\/em> oder <em>Fleur sur le rivage<\/em>, zu einer fulminanten Komposition anregen. Nach Auff\u00fchrungen in Stockholm und Gersau spielt er seine <em>Strindberg-Suite f\u00fcr Klavier<\/em> erstmals in Hunzenschwil \u2013 wo sich schon Strindberg anno 1886 ganz in der N\u00e4he aufgehalten hatte. Und da Ghisleri \u2013 wie Strindberg \u2013 mehrfach begabt ist, liest er als Zugabe aus seinem Roman<em> La cantata del caff\u00e8<\/em>, worin es heisst: \u00abNon possiamo costringere il mondo a essere bello\u00bb \u2013 \u00abWir k\u00f6nnen die Welt nicht dazu zwingen, sch\u00f6n zu sein\u00bb. \u2013 Reservation erbeten.<br \/>Adresse: c\/o Strebel-Masciadri, Bahnhofstrasse 15 (vis-\u00e0-vis Bahnhof Hunzenschwil).<br \/><br \/><\/p><h5><b>Montag, 7. Juli, St. Urban, 17 Uhr<\/b><\/h5><p>\u00abAuch kleine Lichtblicke \/ werfen ihre Schatten \/ und ich ringe und k\u00e4mpfe \/ mit dem L\u00e4cheln \/ um weniger Schmerz\u00bb, schreibt <strong>Jeanette Blank<\/strong> (Steinen SZ) im Gedicht <em>St\u00e4rke<\/em>. Es findet sich im Gedichtband <em>Fragiles Herz<\/em>, den sie an dieser Lesung im Abtsaal des Klosters St. Urban vorstellt. \u2013 Treffpunkt: vor der Klosterkirche.<br \/><br \/><\/p><h5><strong>Dienstag, 8. Juli, Hochdorf, 17.15 Uhr<\/strong><\/h5><p>Fotos, die Geschichten erz\u00e4hlen, und Geschichten, die zur Musik f\u00fchren \u2013 oder die Frage nach der Musikalit\u00e4t der Fotografie: Stoff f\u00fcr einen k\u00fcnstlerischen Prozess mit offenem Ausgang, den die Germanistin und leidenschaftliche Fotografin <strong>Jeanette Blank<\/strong> (Steinen SZ), die Autorin <strong>Karin Mayerhofer<\/strong> (Niederbipp) und der Musiker <strong>Hansruedi Zeder<\/strong> (Hochdorf) miterleben lassen. \u2013 Adresse: c\/o Zeder Lehmann, Urswilstrasse 29. Treffpunkt f\u00fcr Ortsunkundige: Bahnhof Hochdorf, 17 Uhr.<br \/><br \/><\/p><h5><b>Mittwoch, 9. Juli, Schloss Hallwyl, 15 Uhr<\/b><\/h5><p>\u00abAm Ende des Fusswegs steht die Kapelle. Wir treten ein. Der schmale Raum liegt wie im Morgengrauen. Das angenehme Gef\u00fchl von Zeitabger\u00fccktheit ergreift mich: Hier \u00fcberdauert etwas, das auch dich \u00fcberdauern wird\u2026\u00bb So beginnt <strong>Rosemarie Keller<\/strong> (1937-2024) ihren Roman <em>Die Wallfahrt<\/em>, der von einem Hostienfrevel im 15. Jh. handelt. Die Aargauer Schriftstellerin und Journalistin l\u00e4sst diesem ihrem zweiten Buch aus dem Jahr 1989 weitere Romane folgen: <em>Clal\u00fcna \u2013 die Mittwisserin<\/em> (1993), <em>Die Wirtin<\/em> (1996) und <em>Ich bereue nicht einen meiner Schritte: Leben und Prozess der \u00c4rztin Caroline Farner<\/em> (2001). <strong>Pirmin Meier<\/strong> (Aesch LU) erinnert an die unl\u00e4ngst verstorbene Autorin und ihre Bedeutung f\u00fcr die Schweizer Literatur.<br \/><br \/><\/p><h5><strong>Mittwoch<\/strong><b>, 16. Juli, Berom\u00fcnster, 11 Uhr<\/b><\/h5><p>\u00abSolange der Mensch von sich aus \u2013 \u00e4sthetisch dienend \u2013 nichts beitr\u00e4gt, h\u00e4lt die Natur ihre Wunder bedeckt\u00bb, schreibt <strong>Max Dohner<\/strong> (Baden) in einem noch unver\u00f6ffentlichten Text. Bei einer Promenade mit dem Schriftsteller und langj\u00e4hrigen Journalisten l\u00e4sst sich sowohl \u00fcber die Literatur nachdenken wie auch \u00fcber die Wunder der Natur, wozu die Waldkathedrale im Schl\u00f6ssliwald das passende Ambiente bietet. \u2013 Treffpunkt: vor der Stiftskirche.<br \/><br \/><\/p><h5><b>Dienstag, 22. Juli, Beggingen (SH), 14 Uhr<\/b><\/h5><p>\u00abPlastische Sprache\u00bb: Der Raumarbeiter<strong>\u00a0Vincenzo Baviera<\/strong> (Beggingen) legt in seiner Werkdokumentation <em>Arbeiten im Raum: 2000-2023<\/em> eine faszinierende \u00dcbersicht seines Schaffens vor. Die dreidimensionalen Werke enthalten seine Forschung zu physikalisch-kosmischen Erfahrungen, zur Gesellschaft und unseren zwischenmenschlichen Beziehungen. Ein Vokabular der menschlichen Existenz. Der K\u00fcnstler kommentiert vor Ort ausgew\u00e4hlte Arbeiten.\u2013 Adresse: Bohlgass 5. Postautohaltestelle: <em>Beggingen, Dorf.<br \/><br \/><\/em><\/p><h5><b>Mittwoch, 23. Juli, Hohenrain, Turm Roten, 11 Uhr<\/b><\/h5><p>\u00abG\u00e5 ut i naturen \u2013 livsk\u00e4llan finns d\u00e4r\u00bb \u2013 \u00abGeh hinaus in die Natur \u2013 dort fliesst die Lebensquelle\u00bb, schrieb die schwedische K\u00fcnstlerin <strong>Natascha Jusopov<\/strong> (1925-2012) an ihre Ateliert\u00fcre. Aus ihren Briefen, die sie u.a. mit Harald Edelstam wechselte, und ihrer Kunst, die sich an der Natur orientierte, spricht sprudelnde Lebensfreude. <strong>Gerald Hochschild<\/strong> vermittelt Einblicke in ihr ereignisreiches Leben und Werk. \u2013 Bushaltestelle<em> Hohenrain, Post<\/em>.<br \/><br \/><\/p><h5><b>Samstag, 26. Juli, Monte Verit\u00e0 (TI), 16 Uhr<\/b><\/h5><p>\u00abOhne (m)ich und (d)ich\u00bb: Das Leben neu denken. Poesiesommer-Dialog \u00fcber eine subjektlose Sprache und ein Leben ausserhalb der Fesseln der Gesellschaft auf dem kulturtr\u00e4chtigen Monte Verit\u00e0. Treffpunkt: vor dem Museo Casa Anatta.<br \/><br \/><\/p><h5><b>Sonntag, 27. Juli, Loco (Onsernone), 13.30-16.30 Uhr<\/b><\/h5><p>\u00abBriefwechsel &#8211; lettere tra amici\u00bb:\u00a0Literarischer Nachmittag bei Annette Korolnik und Alexander Grass mit der Literaturwissenschafterin <strong>Ulrike Leuschner<\/strong> und den Germanisten <strong>Sven Hanuschek<\/strong> und<strong> Jan B\u00fcrger<\/strong>. Sie stellen zusammen mit <strong>Annette Korolnik<\/strong> den Briefwechsel zwischen <strong>Alfred Andersch<\/strong> und <strong>Gisela Groneuer<\/strong> sowie den Briefwechsel zwischen <strong>Max Frisch<\/strong> und <strong>Alfred Andersch<\/strong> vor. Dazwischen berichtet <strong>Barbara Paltenghi Malacrida<\/strong> von der Ausstellung im Museo d&#8217;Arte Mendrisio \u00fcber das Werk von <strong>Gisela Andersch<\/strong>. \u2013 Adresse: c\/o Annette Korolnik und Alexander Grass, Rossa 1. \u2013 Postautohaltestelle: <em>Loco Chiesa,<\/em> von dort Wanderweg zum Ortsteil Rossa. Anmeldung erw\u00fcnscht.<\/p>\t\t\t\t\t\t\t\t<\/div>\n\t\t\t\t<\/div>\n\t\t\t\t<div class=\"elementor-element elementor-element-783cfe4 elementor-widget elementor-widget-text-editor\" data-id=\"783cfe4\" data-element_type=\"widget\" data-e-type=\"widget\" data-widget_type=\"text-editor.default\">\n\t\t\t\t<div class=\"elementor-widget-container\">\n\t\t\t\t\t\t\t\t\t<h5><strong>Mittwoch, 6. August, Calpiogna (Tessin), 14 Uhr<\/strong><\/h5><p>\u00abIncontri tra i cipressi del Ticino \u2013 Celebrit\u00e0 che non ti aspetti nei nostri cimiteri\u00bb heisst der informative, 2024 in der Reihe Terra ticinese erschienene Band von <strong>Mare Dignola<\/strong> (Savosa). Er versammelt Pers\u00f6nlichkeiten, die im Tessin von Ascona \u00fcber Pura bis Villa Bedretto lebten und dort begraben sind. Die Liste reicht in alphabetischer Reihenfolge von Alfred und Gisela Andersch (Berzona) \u00fcber Emmy Hennings-Ball (Gentilino) bis G\u00fcnter Weisenborn (Gerra Piano) und bietet Entdeckungen Seite um Seite. <strong>Hansruedi Zeder<\/strong> (Calpiogna) begleitet die Pr\u00e4sentation des Autors am Clavichord. <strong>Cornelia Masciadri<\/strong> (Hunzenschwil) rezitiert dazu Tessiner Lyrik und <strong>Angela Weber-Hohlfeldt<\/strong> weist auf ihren Band \u00fcber die widerspr\u00fcchliche Freundschaft von Alfred Andersch und Max Frisch hin, die in Berzona Nachbarn waren. Ort: Sala comunale. \u2013 Treffpunkt: Postautohaltestelle Calpiogna.<br \/><br \/><\/p><h5><b>Donnerstag, 7. August, St. Urban, Kloster, 17 Uhr<\/b><\/h5><p>\u00ab\u2026 wie aus worten die erde wurde \/ wurde aus kl\u00e4ngen der himmel\u00bb, schreibt der im Seetal aufgewachsene Lyriker und Blockfl\u00f6tist <strong>Pius Strassmann<\/strong> im Band erinnerungsleicht. Die 2023 in der edition b\u00fccherlese erschienene Gedichtsammlung er\u00f6ffnen die Verse: \u00abkein ding zeigt \/ die ungebrochene f\u00fclle \/ von licht\u00bb und gegen Schluss heisst es: \u00abauf kandiszucker treten \/ macht die erde nicht s\u00fcsser \/ das knochenweisse knirschen \/ weckt eine stiebende ahnung\u00bb. \u2013 Treffpunkt: vor der Klosterkirche.<br \/><br \/><\/p><h5><b>Freitag, 8. August, Aarau, 14 Uhr<\/b><\/h5><p>\u00abAlles Sch\u00f6ne ist ein Pastell aus Durcheinander\u00bb: Hinter Behauptungen wie dieser steht eine Erkenntnis, die der Autor <strong>Max Dohner<\/strong> (Aarau) beim Schreiben seines neuen Romans gewonnen hat. Er erl\u00e4utert diesen Prozess und bemerkt dazu: \u00abIrgendwann unterwegs wundert man sich: Wie weit sind wir gekommen? Wie haben wir durchgehalten \u2013 mit der Poesie der Seele gegen die Prosa der Realit\u00e4t?\u00bb \u2013 In Zusammenarbeit mit der Sommerakademie VHS Aarau. Treffpunkt: Eingang Neue Kantonsschule Aarau, Schanzm\u00e4ttelistrasse 32.<br \/><br \/><\/p><h5><strong>Samstag, 9. August, Norrk\u00f6ping (Schweden), 21 Uhr<\/strong><\/h5><p>\u00a0\u00abSchatten am Tag, Schatten bei Nacht, Schatten im \u00dcbergang, da und fort, ob im Ruhen oder Laufen, auch beim Lauschen sp\u00fcrst du den Schatten. Schattenleben, Lebensschatten, mit dem Tod erst ist er weg\u00bb, hielt der im Mai verstorbene Engadiner Maler Gian Pedretti (1926-2025) im Band Traunterovas fest. Das nordische Licht mit seiner magischen Qualit\u00e4t war Gian Pedretti aus Werken Edvard Munchs vertraut. Im Carl Johans Park l\u00e4sst sich zu sp\u00e4ter Stunde \u00fcber Licht und Schatten reflektieren. \u2013 Treffpunkt: Delfinfont\u00e4n.<br \/><br \/><\/p><h5><b>Montag, 11. August, Bolln\u00e4s (Schweden), 17.30 Uhr<\/b><\/h5><p>\u00abKlavikordkonferens\u00bb: Vom Clavichord als historischem Instrument mit grossem Potenzial auch f\u00fcr heutige Komponisten handelt diese vom Seetaler Poesiesommer angeregte \u00f6ffentliche Konferenz, an welcher <strong>HansErik Svensson<\/strong> (Stockholm) seine Forschungen zu schwedischen Clavichorden pr\u00e4sentiert, <strong>Mayumi Kamata<\/strong> (Stockholm) \u00fcber Erfahrungen mit dem leisen Instrument im lauten Alltag spricht und <strong>Hansruedi Zeder<\/strong> (Hochdorf) aktuelle Clavichord-Partituren von zeitgen\u00f6ssischen Komponisten aus verschiedenen L\u00e4ndern vorstellt. \u2013 Adresse: Hembygdsg\u00e5rden K\u00e4mpens, S\u00f6dra Kyrkv\u00e4gen 1, Bolln\u00e4s.<br \/><br \/><\/p><h5><strong>Dienstag<\/strong><b>, 12. August, Edsbyn (Schweden), 16 Uhr<\/b><\/h5><p>\u00abKlavikordkonsert (I)\u00bb: Das im Jahr 1774 von Pehr Lundborg gebaute Clavichord in Edsbyn konnte 2017 von HansErik Svensson restauriert werden und erklingt seither j\u00e4hrlich im Rahmen des Poesiesommers. <strong>Mayumi Kamata<\/strong> und <strong>Hansruedi Zeder<\/strong> ergr\u00fcnden die Seele des Instruments mit St\u00fccken u.a. von Mozart, Haydn, Bach, Ghisleri \u2013 im Sinne des v\u00e4rml\u00e4ndischen Dichters Gunnar Ehne, der vom Wald sagte, er sei die Braut der Seele, die er nie verraten werde: \u00abSkogen \u00e4r sj\u00e4las f\u00e4stm\u00f6, som jag adrig sviker.\u00bb \u2013 Adresse: Hembygdsg\u00e5rden M\u00e5rtes, Edsbyn.<br \/><br \/><\/p><h5><b>Dienstag, 12. August, Edsbyn (Schweden), 19 Uhr<\/b><\/h5><p>\u00abKlavikordkonsert (II)\u00bb: Das im Jahr 1774 von Pehr Lundborg gebaute Clavichord in Edsbyn konnte 2017 von HansErik Svensson restauriert werden und erklingt seither j\u00e4hrlich im Rahmen des Poesiesommers. <strong>Mayumi Kamata<\/strong> und <strong>Hansruedi Zeder<\/strong> spielen St\u00fccke u.a. von Mozart, Haydn, Bach, Ghisleri. \u2013 Adresse: Hembygdsg\u00e5rden M\u00e5rtes, Edsbyn.<br \/><br \/><\/p><h5><b>Mittwoch, 13. August, Ume\u00e5 (Schweden), 16 Uhr<\/b><\/h5><p>\u00abStrivlas d&#8217;gl\u00fcsch e sumbriva\u00bb: Dem Engadiner Maler Gian Pedretti (1926-2025) im hohen Norden gedenken, mit dem Zeichenstift, und dabei \u00abLicht- und Schattenstreifen\u00bb einfangen, wie er es \u2013 auch mit Worten \u2013 so meisterlich vermochte: \u00ab\u2026 lange, lange, lange schauen. Und kommt der Tag mit Licht und Schatten, vergiss es nicht, das Schattenlicht\u00bb. \u2013 Treffpunkt: Bildmuseet.<br \/><br \/><\/p><h5><b>Donnerstag, 14. August, Ume\u00e5 (Schweden), 13 Uhr<\/b><\/h5><p>\u00abDansen\u00bb: Die K\u00fcnstlerin Ellen Roosval von Hallwyl schuf mit der lebensgrossen Bronzeskulptur Dansen (der Tanz) im Hallwylska museet in Stockholm ein anmutiges Meisterwerk. Carina Bergstr\u00f6m (Sorsele) schrieb dazu eine Komposition, die das tanzende Paar zum Leben erweckt. Hansruedi Zeder stellt das St\u00fcck f\u00fcr Geige und Klavier vor. \u2013 Ort: Galleri Alva, Norrlands universitetssjukhus.<br \/><br \/><\/p><h5><b>Freitag, 15. August, Vaasa (Finnland), 18.30 Uhr<\/b><\/h5><p>\u00abWandern, Wandern, Wandern von einem Ort zum andern und immer wieder bleibt das Ged\u00e4chtnis <br \/>stehn, sich umdrehen, nachsehen\u2026 und wie ich so lausche und male, vergess ich die Zeit, bin anderswo\u00bb: Gian Pedretti (1926-2025) gedenken \u2013 und mit seinen Gedanken begreifen, welche Orientierung die Kunst bietet. \u2013 Treffpunkt: Kirkkopuisto.<br \/><br \/><\/p><h5><strong>Samstag, 16. August, Sein\u00e4joki (Finnland), 13.30 Uhr<\/strong><\/h5><p>\u00abZeichen machen, Standort wechseln, nicht m\u00fcde werden, im Licht zu stehen, ins Licht zu sehen. Wenn die Gedanken fallen, wie platzend heisses Blei, im topographischen Relief erstarrt und tastbar zu lesen\u00bb: Gian Pedretti (1926-2025) gedenken, in einer Stadt, wo die Architektur Alvar Aaltos leuchtende Zeichen setzt. \u2013 Treffpunkt: Kalevan Navetta (Kunsthalle).<br \/><br \/><\/p><h5><b>Sonntag, 17. August, Helsinki (Finnland), 20 Uhr<\/b><\/h5><p>\u00abTerveisi\u00e4 Helsingist\u00e4!\u00bb Der Horgner Unternehmer Adolf Feller liebte Postkarten. Er liess sie sich zu Zehntausenden zuschicken, aus aller Welt, und etliche auch aus Finnland. Heute sind Postkarten rar geworden. Wer derlei schreibt, verdichtet Beobachtungen und Gedanken zu wenigen Zeilen, was durchaus ein poetisches Prinzip ist. Welche Mitteilungen sich aus der finnischen Hauptstadt aufdr\u00e4ngen, kann an einer Promenade durch die Esplanade Helsinkis erlebt werden. \u2013 Treffpunkt: Kappeli, Etel\u00e4esplanadi 1.<br \/><br \/><\/p><h5><b>Montag, 18. August, Helsinki (Finnland), 18 Uhr<\/b><\/h5><p><em>Passio Musicae<\/em> nannte die finnische K\u00fcnstlerin Eila Hiltunen ihre Jean Sibelius gewidmete Skultpur aus rund 600 Stahlr\u00f6hren, die 1967 im Sibelius-Park eingeweiht wurde. Sie f\u00fcgt sich zeitlos in die Natur ein und weckt klingende Vorstellungen. Sibelius wurde 1865 in H\u00e4meenlinna geboren; dort verbrachte, auf dem Hof Kirstula, Carl Spitteler seinen ersten Sommer im Land der Tausend Seen. Wer sich \u00fcber finnisch-schweizerisches Kulturschaffen in Helsinki austauschen m\u00f6chte, ist zu dieser Begegnung mit Treffpunkt beim Sibelius-Monument herzlich eingeladen. \u2013 Ort: Sibeliuksenpuisto.<br \/><br \/><\/p><h5><strong>Dienstag, 19. August, Stockholm (Schweden), 18 Uhr<\/strong><\/h5><p>\u00a0\u00abEj f\u00e5r du bryta min ros!\u00bb (August Strindberg): Zur ersten Veranstaltung des Seetaler Poesiesommers in Schweden im Jahre 2012 wurde eine Rose gepflanzt. Inzwischen hat sich die Welt ver\u00e4ndert und viele Bl\u00fcten sind verwelkt. Wie h\u00e4lt es die Rose heute \u2013 in dieser Welt?\u00a0 \u2013 Adresse: Holbergsgatan 93.<\/p><h5><b>Mittwoch, 27. August, Hochdorf, c\/o Zeder Lehmann, Urswilstrasse 29, 19 Uhr\u00a0<\/b><\/h5><p>\u00abNigeria \u2013 ich komme! Eine mutige junge Schweizerin in Lagos 1964\/65\u00bb heisst ein aktuelles Buch der Berner Schriftstellerin <strong>Barbara Traber<\/strong> (Worb). Es schildert ihre Zeit als Sekret\u00e4rin der Schweizer Botschaft in Nigeria, die sich als pr\u00e4gende Jahre erweisen und zu unvergesslichen Erlebnissen f\u00fchren. \u00abDie Erdnussfrau: Ich seh sie jeden Morgen, die alte Yoruba-Frau. \u2013 Seit ich sie in ihrer Sprache gr\u00fcsse, winkt sie mir fr\u00f6hlich zu, und wenn ich f\u00fcr einige M\u00fcnzen ger\u00f6stete N\u00fcsschen kaufe, gibt sie mir eine Handvoll als Geschenk und wickelt sie sorgf\u00e4ltig in Bl\u00e4tter aus alten Schulheften ein\u00bb. \u2013 Adresse: Urswilstrasse 29 (nicht in der Regionalbibliothek!).<br \/><br \/><\/p><h5><strong>In Italien findet statt:<\/strong><\/h5><h5><strong>Samstag, 16. August, Lanzo d&#8217;Intelvi (Italien), 16.30 Uhr<\/strong><\/h5><p>\u00abCi sono cose che so e cose \/ che non so \u2026\u00bb \u2013 \u00abJe sais bien des choses bien d&#8217;autres m&#8217;\u00e9chap-\/pent\u2026\u00bb Die 2025 im Tessiner Verlag alla chiara fonte auf Deutsch, Franz\u00f6sisch und Italienisch erschienene Ausgabe Ultimo canto von Gedichten des Aargauer Lyrikers <strong>Virgilio Masciadri<\/strong> (1963-2014) stellen <strong>Monica Oliari<\/strong> und <strong>Cornelia Masciadri<\/strong> erstmals in Italien, wo der Dichter ein zweites Zuhause hatte, vor. Der Komponist <strong>Stefano Ghisleri<\/strong> begleitet die Lesung am Fl\u00fcgel. \u2013 Ort: Villa Turconi, Lanzo d&#8217;Intelvi (Italien). Anreise: Zug bis Maroggia-Melano, von dort Abholung mit Privatauto m\u00f6glich (bitte voranmelden: 079 365 48 72)<\/p>\t\t\t\t\t\t\t\t<\/div>\n\t\t\t\t<\/div>\n\t\t\t\t<div class=\"elementor-element elementor-element-8c8fff5 elementor-widget elementor-widget-text-editor\" data-id=\"8c8fff5\" data-element_type=\"widget\" data-e-type=\"widget\" data-widget_type=\"text-editor.default\">\n\t\t\t\t<div class=\"elementor-widget-container\">\n\t\t\t\t\t\t\t\t\t<h5><strong>Samstag, 6. September, Genf, 11 Uhr<\/strong><\/h5><p>\u00ab Oui, venez f\u00eater les livres et la vie, la prose et la po\u00e9sie, l&#8217;amour et l&#8217;amiti\u00e9 ! \u00bb: Eine Einladung der Autorinnen <strong>Claire Kr\u00e4henb\u00fchl<\/strong> und <strong>Denise M\u00fctzenberg<\/strong>, die seit sieben Jahren die verdienstvolle Reihe Les Troglodytes herausgeben und diese Veranstaltung rund um die Poesie zusammen mit <strong>Sonia Menoud<\/strong> und <strong>Tina Planta-Vital<\/strong> gestalten. Ein poetisch-musikalisches Ereignis in der Villa Dutoit\u2026 \u00abentre les arbres et les lustres de cristal\u00bb. \u2013 Adresse: Villa Dutoit, 5 chemin Gilbert-Trolliet, Gen\u00e8ve.<br \/><br \/><\/p><p><b>Sonntag, 7. September, St. Urban, Kloster, 17 Uhr<\/b><\/p><p>\u00abUnd dann tanzen wir irgendwo im Raum \/ lassen uns von Engeln umarmen \/ um die Sehnsucht zu vergessen\u00bb: <strong>Bernadette Gisler<\/strong> (Altb\u00fcron) ist tanzende Philosophin und Geschichtensammlerin mit einem Abschluss in Philosophie. Sie nimmt den Tanz beim Wort \u2013 und schreibt \u00fcber den Tango Argentino und die H\u00f6hen und Tiefen des Lebens.\u2013 Treffpunkt: vor der Klosterkirche.<br \/><br \/><\/p><h5><b>Samstag, 13. September, Boniswil, 13-30-17 Uhr<\/b><\/h5><p>\u00abAspekt Aargau \u2013 Die Vielfalt des Kantons und seiner elf Bezirke erleben\u00bb: Ein Besuchsnachmittag in Boniswil rund um die Themen: &#8218;Elementares \u2013 Wasser und Feuer&#8216; (13.30 Uhr), &#8218;Handwerkskunst im Blick&#8216; (14.30 Uhr), &#8218;\u00d6ises Dorf \u2013 Mensch und Natur&#8216; mit Gemeindepr\u00e4sident Rainer Sommerhalder (15 Uhr). Ein Spaziergang nach Alliswil unter F\u00fchrung des Vereins Natur und Umwelt um 16 Uhr endet im Kulturplatz D\u00f6rflistrasse 1, wo das historische Handwerk im Mittelpunkt steht und die Musikgesellschaft zu einem Ap\u00e9ro aufspielt (16.30 Uhr). \u2013 In Zusammenarbeit mit der Gemeinde Boniswil, dem Kulturplatz D\u00f6rflistrasse 1 und der Volkshochschule Aarau. \u2013 Treffpunkt Dinkelhof.<br \/><br \/><\/p><h5><strong>Sonntag, 14. September, Schloss Hallwyl, 10.30 Uhr<\/strong><\/h5><p>\u00a0\u00abSommer 1798 \u2013 Szenische F\u00fchrung\u00bb: Die B\u00e4uerin Susanna Schaub aus Alliswil bringt der Oberherrin Franziska Romana eine Kr\u00e4utersalbe. Die Schlossmagd weist ihr den Weg durch das Vordere Schloss. Eine Geschichte \u2013 auch f\u00fcr Kinder \u2013 die auf historischen Tatsachen beruht.<br \/><br \/><\/p><h5><b>Sonntag, 14. September, Boniswil, 13-17 Uhr<\/b><\/h5><p>\u00abZeitreisen mit eigenen Worten\u00bb: 13 Uhr: Workshop mit Graziella J\u00e4ms\u00e4 (Schongau). \u2013 14 Uhr: Offene Werkstatt mit Weben auf dem historischen Webstuhl \u2013 Wachstuch herstellen. \u2013 15 Uhr: Zeitreise ins Jahr 1898. Gemeinderat Ruedi Sandmeier f\u00fchrt durch das D\u00f6rfchen (vor Sandmeierhaus und alte Seetalstrasse) und zeigt, wie es hier zur Zeit der Gemeindefusion mit Boniswil aussah und was die Gem\u00fcter damals bewegte. \u2013 16 Uhr: Ap\u00e9ro (offeriert durch die Gemeinde Boniswil). \u2013 Adresse: Kulturplatz D\u00f6rflistrasse 1.<br \/><br \/><\/p><h5><strong>Sonntag<\/strong><b>, 14. Sepember, Hochdorf, 17 Uhr<\/b><\/h5><p>\u00abBergstimmungen\u00bb: Ausstellung mit Werken des malenden Musikers<strong> Oliver Keller<\/strong> (Hallwil). Mit einer Einf\u00fchrung durch Thomas Meyer. \u2013 Das Profil von Bergr\u00fccken spiegelt sich an dieser Vernissage in der musikalischen Melodik: <em>Gerade und Kurven<\/em> nennt der Schaffhauser Komponist Werner B\u00e4rtschi seine Hommage an Johann Sebastian Bach, die Hansruedi Zeder am Clavichord auff\u00fchrt. Die von Bea Lehmann, Sabina Furrer, Thomas Meyer und Hansruedi Zeder arrangierte Schau ist ge\u00f6ffnet am Mo 17-19.30 h \/ Di 17-19.30 h \/ Mi 17-19.30 h \/ Do 15-17 h \/ Fr 17-19.30 h \/ Sa 14-16 h \/ Finissage So 21.9. 14-16 h. Adresse: c\/o Zeder Lehmann, Urswilstrasse 29.<br \/><br \/><\/p><h5><b>Donnerstag, 18. September, Hochdorf, 19 Uhr<\/b><\/h5><p>\u00abDie winzigen Bl\u00fcten \/ \u00fcber der Felswand \/ zu leicht \/ f\u00fcr eine Bef\u00fcrchtung\u00bb, heisst es im mehrteiligen Gedicht <em>F\u00fcr Hokusai<\/em> von<strong> Guido Hauser<\/strong> (Rothenburg). Der Text findet sich im Gedichtband <em>Mondrians Brille<\/em>, aus dem der Lyriker und Maler Guido Hauser Gedichte in die Ausstellung Bergstimmung mit Gem\u00e4lden von <strong>Oliver Keller<\/strong> (Hallwil) einfliessen l\u00e4sst. Der Clavichordist <strong>Hansruedi Zeder<\/strong> (Hochdorf) durchschreitet dieses Gewebe von Bild und Text mit dem <em>Rondo in G-Dur<\/em> von Carl Philipp Emanuel Bach und der Komposition Geraden und Kurven von Werner B\u00e4rtschi. \u2013 Adresse: c\/o Zeder Lehmann, Urswil-strasse 29. \u2013 Treffpunkt f\u00fcr Ortsunkundige: Bahnhof Hochdorf, 18.45 Uhr.<br \/><br \/><\/p><h5><b>Samstag, 20. September, Schloss Hallwyl, 14 Uhr<\/b><\/h5><p><em>En liten bok om konsten att d\u00f6 \u2013 Ein kleines Buch \u00fcber die Kunst zu sterben<\/em>: Der schwedische Schriftsteller <strong>Ulf Nilsson<\/strong> (1948 \u2013 2021) f\u00fchrte, nachdem bei ihm eine unheilbare Krankheit diagnostiziert worden war, ein Logbuch \u00fcber die ihm verbleibenden Tage \u2013 von der Erstdiagnose im Stockholmer Universit\u00e4tsspital bis zur imaginierten \u00dcberquerung der Ostsee (\u00bbStyx\u00ab) auf der F\u00e4hre nach \u015awinouj\u015bcie in der allerletzten Aufzeichnung. \u00abEs ist leichter, derjenige zu sein, der stirbt, als jener, der weiterlebt\u00bb, lautet ein Eintrag in dem ber\u00fchrenden Band, der einen das Leben sch\u00e4tzen lehrt. Der Nordist <strong>Lukas Dettwiler<\/strong> (Bern) stellt seine eben erschienene \u00dcbersetzung der schwedischen Originalausgabe vor. \u2013 Werke der schwedischen Dichter Bengt Emil Johnson, Lotta Lotass und Gunnar D. Hansson wurden ebenfalls von Lukas Dettwiler \u00fcbersetzt, der mit dem <em>Tolkningspris<\/em> der Schwedischen Akademie ausgezeichnet wurde.<br \/><br \/><\/p><h5><b>Donnerstag, 25. September, Celerina, 17.30 Uhr<\/b><\/h5><p>\u00abKlassische Moderne im Engadin\u00bb: Der Kunsthistoriker<strong> Gian Casper Bott (<\/strong>Poschiavo\/Basel) stellt Gem\u00e4lde von Turo Pedretti und und Skulpturen von Giuliano Pedretti gegen\u00fcber und hebt den pr\u00e4genden Einfluss der Landschaft des Oberengadins im \u0152uvre der beiden herausragenden Protagonisten der romanisch-sprachigen B\u00fcndner Kultur im 20. Jh. hervor. \u2013 Adresse: Hotel Cresta Palace, Via Maistra 75.<br \/><br \/><\/p><h5><b>Sonntag, 28. September, Schloss Heidegg, 14-17 Uhr: Schweizer Mundarttag<\/b><\/h5><p>\u00abUi und \u00e4i\u00bb: Schweizer Mundarttag \u2013 ein Panorama der dialektalen Vielfalt der Schweiz. Mundart dient, wie im Gedicht <em>Sharm El Sheik<\/em> der bekannten Berner Mundartautorin <strong>Barbara Traber<\/strong> (Worb) \u00fcber ihre Reise nach \u00c4gypten zu h\u00f6ren ist, nicht nur der Beschreibung heimischer Gefilde: \u00ab\u2026 der Sinai 580 millione jahr alt \/ en un\u00e4ndlechi wyti \/ feuse w\u00fceschti oase u wadi \/ wild u l\u00e4\u00e4r \/ u ds t\u00f6ifblaue band vom Rote Meer \/ es paradiis f\u00fcr toucher u schnorchler \/ mit fische u koralleriffe \/ wo gf\u00e4hrdet sy\u2026\u00bb, hebt die Autorin an. \u2013<strong> Walter Morgenthaler<\/strong> (Basel), Germanist und Herausgeber historisch-kritischer Werkausgaben u.a. von Gottfried Keller und Kuno Raeber, hat einen umfangreichen Bericht \u00fcber sein Heimatdorf Grabs (SG) verfasst. Darin steht im Kapitel <em>Ui und \u00e4i<\/em>: \u00abErdkunde\u2026 Die Grabser haben ihr eigenes geografisches Orientierungssystem\u2026 Was Aussenstehende als blosse Nuancen empfinden m\u00f6gen, geh\u00f6rt f\u00fcr die Einheimischen zum unverzichtbaren Tragger\u00fcst, zum Identit\u00e4tsgaranten ihres Weltentwurfs. So geht ein Grabser zum Beispiel nicht einfach nach Buchs oder nach Gams, sondern er geht auf Buchs <em>ussi<\/em>, aber auf Gams (oder Vaduz) <em>dori<\/em>. Will er aber weder nach Gams noch nach Buchs, sondern auf die Pirsch nach Sax oder zum Skifahren nach Wildhaus oder Chur, so f\u00e4hrt er uf Sax <em>\u00e4i<\/em> (oder <em>\u00e4hi<\/em>), jedoch auf Chur <em>ui<\/em> und uf Wildhus <em>ihi<\/em>. Ja selbt nach Frankrech geht es <em>ihi<\/em>, w\u00e4hrend man nach Deutschland <em>ussi<\/em>, nach Italien <em>\u00e4hi<\/em> oder aber ins Liechtensteinische schlechthin <em>\u00fcberdori<\/em>\u00a0reist. Nach St. Gallen aber, der von den Grabsern wenig geliebten Kantonshauptstadt, geht es <em>\u00e4hi<\/em> (hinab), obwohl St. Gallen nachweislich fast 200 m h\u00f6her liegt als Grabs. Ist einer schon an besagtem Ort eingetroffen, dann ist er f\u00fcr die Zur\u00fcckgebliebenen z&#8217;Gams <em>jenn<\/em> und z&#8217;Buchs <em>joss<\/em>, aber z&#8217;Sax (oder St. Galle) <span style=\"text-decoration: underline;\">junn<\/span>, z&#8217;Chur <em>jomm<\/em> und z&#8217;Wildhus <em>hinn<\/em>\u00bb. \u2013 Eine Fundgrube an Informationen \u00fcber den Wandel des Sprachgebrauchs in den Deutschschweizer Kantonen \u00fcber die Generationen bildet der heuer erschienene <em>Dial\u00e4ktatlas \u2013 1950 bis heute<\/em>. Darin wurden u.a. die Varianten des Wortes &#171;Schluckauf&#187; pr\u00e4zis kartografiert: Ob vom Gluxer, Hixi, Gluggi, H\u00f6tsch, J\u00fcscher, Chnuppe, Tschuggi oder Juggi die Rede ist, gemeint ist das bekannte, durch ruckartiges Zusammenziehen des Zwerchfells unwillk\u00fcrlich hervorgerufene glucksende Ger\u00e4usch. Mitautor des umfangreichen Werks ist <strong>Simon Kistler<\/strong> (Universit\u00e4t Bern); er stellt den mit Unterst\u00fctzung des Schweizerischen Nationalfonds publizierten Dial\u00e4ktatlas und dessen Trouvaillen vor. \u2013 \u00abw\u00f6rter uf der zunge \/ w\u00f6rter zw\u00fcsche de z\u00e4hn \/ w\u00f6rter ganz hinde chuum z versta\u00bb (Ernst Eggimann): H\u00f6hepunkte des Mundartschaffens im Bernbiet \u2013 von Rudolf von Tavel \u00fcber Kurt Marti bis in die Gegenwart \u2013 pr\u00e4sentiert der Mundartkenner <strong>Andreas Bartlome<\/strong> (Herlisberg) in einer kommentierten Lesung. \u2013 In unserem Nachbarland Liechtenstein ist vieles gleich und einiges doch anders: \u00abI bin imn\u00e4 Land gebor\u00e4 , wo sich jed\u00e4 duzt\u2026, schreibt die Autorin <strong>Karin Mayerhofer Dobler<\/strong> (Niederbipp) in einer ihrer <em>Gschecht\u00e4 vo Li\u00e4chtast\u00e4<\/em>. Sie handelt von einer Spinnerei \u2013 die zur &#171;Universit\u00e4t von Liechtenstein&#187; wurde\u2026<br \/><br \/><\/p><h5><strong>Sonntag, 28. September, Lausanne, 18 Uhr<\/strong><\/h5><p>\u00a0\u00ab Sortir de chez soi dans l&#8217;espoir \/ de trouver une rime \/ le long du chemin \u00bb \u2013 \u00abAus dem Haus gehen weil man hofft \/ einen Vers zu finden \/ irgendwo am Weg\u00bb: Lesung aus der dreisprachigen Gedichtsammlung Ultimo Canto von <strong>Virgilio Masciadri<\/strong> (1963-2014) mit der \u00dcbersetzerin <strong>Corinne Verdan-Moser<\/strong> (Char-donne) und dem Lyriker <strong>Bruno Mercier<\/strong> (Lausanne ), die zu diesem Anlass mit triftigem Grund einladen: \u00ab Venir d\u00e9couvrir un po\u00e8te al\u00e9manique peu connu en Suisse romande, mort trop jeune. Ses po\u00e8mes sont des perles &#8230;. \u00bb \u2013 Adresse: Zin\u00e9ma, Rue du Maupas 4.<\/p>\t\t\t\t\t\t\t\t<\/div>\n\t\t\t\t<\/div>\n\t\t\t\t<div class=\"elementor-element elementor-element-0bc9b63 elementor-widget elementor-widget-text-editor\" data-id=\"0bc9b63\" data-element_type=\"widget\" data-e-type=\"widget\" data-widget_type=\"text-editor.default\">\n\t\t\t\t<div class=\"elementor-widget-container\">\n\t\t\t\t\t\t\t\t\t<h5><strong>Samstag, 4. Oktober, Chiavenna (Italien), 17 Uhr<\/strong><\/h5><p>\u00abDue artisti engadinesi originari della Valchiavenna\u00bb: Das <em>Centro di studi storici valchiavennaschi<\/em> richtet den beiden Engadiner K\u00fcnstlern <strong>Turo Pedretti<\/strong> (1896-1964) und <strong>Giuliano Pedretti<\/strong> (1924-2012) in Zusammenarbeit mit der Stadt Chiavenna, wo die Vorfahren der Pedretti herstammen, im ehrw\u00fcrdigen Palazzo Pestalozzi eine <em>Mostra<\/em> mit Gem\u00e4lden und Skulpturen aus. An der Vernissage sprechen <strong>Guido Scaramellini<\/strong> und <strong>Cristian Copes<\/strong> (Chiavenna) \u00fcber die k\u00fcnstlerischen Bez\u00fcge zwischen den Talschaften. Die Ausstellung ist bis 31. Oktober t\u00e4glich von 15-19 Uhr frei zug\u00e4nglich. \u2013 Adresse: Palazzo Pestalozzi, Via Carlo Pestalozzi 2, Chiavenna.<br \/><br \/><\/p><h5><b>Dienstag, 7. Oktober, St. Urban, Kloster, 17 Uhr<\/b><\/h5><p>\u00abDopo un fatale andare \/ da nord a sud, da est a ovest, \/ lungo le rotte antiche \/ di carovane e santuari, \/ dopo un felice accorrere \/ di giorni pieni, di sere stanche \/ e silenziose, di fronte al muto stendersi \/ di una lontana spiaggia galiziana, \/ due ragazzi spengono il loro van \/ prima del temporale.\u00bb \u2013 \u00abNach einem fatalen Gehen \/ von Nord nach S\u00fcd, von Ost nach West, \/ l\u00e4ngs altert\u00fcmlicher Wege \/ von Karawanen, von Pilgern, \/ nach der gl\u00fccklichen Ankunft \/ nach vollen Tagen, nach m\u00fcden, \/ schweigsamen Abenden, \/ vor dem stummen Sich-Ausbreiten \/ eines fernen galizischen Strands \/ schalten zwei junge M\u00e4nner den Motor \/ ihres Vans aus \/ vor dem Gewitter.\u00bb, heisst es im Gedicht <em>Finisterre<\/em> von <strong>Pietro Montorfani<\/strong> (Cassarate TI). Es findet sich in der zweisprachigen Sammlung <em>Der Schatten der Welt \u2013 L&#8217;ombra del mondo<\/em>, die Christoph Ferber \u00fcbersetzt hat; sie ist eben im Caracol Verlag (Warth) erschienen. <strong>Cornelia Masciadri<\/strong> stellt daraus ausgew\u00e4hlte Gedichte in beiden Sprachen vor. Der Autor wird im November im Seetal seine Texte erl\u00e4utern.\u2013 Treffpunkt: vor der Klosterkirche.<br \/><br \/><\/p><h5><b>Samstag, 11. Oktober, Poschiavo, Museo Casa Console, 17 Uhr<\/b><\/h5><p>\u00abQuesta composizione nasce dopo un lungo periodo di risposo compositivo\u2026 \u00bb \u2013 \u00abDiese Komposition entstand nach einer langen Kompositionspause\u2026 \u00bb: Urauff\u00fchrung eines Klavierst\u00fccks von <strong>Stefano Ghisleri<\/strong> (Brescia) im Rahmen der Ausstellung <em>Arte moderna in Engadina<\/em>, die dem Schaffen von Turo Pedretti und Giuliano Pedretti, den herausragenden Protagonisten der romanischsprachigen B\u00fcndner Kultur im 20. Jh., gewidmet ist. <strong>Nicola Elias Rigato<\/strong> komponierte, inspiriert von Giuliano Pedrettis Skulptur <em>Der Philosoph<\/em> von 1978, ebenfalls ein Werk, das an diesem Konzert erstmals zur Auff\u00fchrung gelangt. Am Clavichord: <strong>Hansruedi Zeder<\/strong> (Hochdorf). \u2013 2004 filmte <strong>Lea Jaecklin<\/strong> (Genf) den Bildhauer Pedretti im Atelier beim Erkl\u00e4ren seiner Werke; der Film <em>Giuliano Pedretti spiego lo sviluppo del suo lavoro<\/em> wird anl\u00e4sslich dieses Konzerts im Originalton und mit italienischen Untertiteln projiziert. \u2013 Adresse: Museo Casa Console, Via da Mezz 41.<br \/><br \/><\/p><h5><strong>Dienstag, 14. Oktober, Zeiningen, 9 Uhr<\/strong><\/h5><p>\u00abAspekt Aargau \u2013 die Vielfalt des Kantons und seiner elf Bezirke erleben\u00bb: Zeiningen im Bezirk Rheinfelden r\u00fchmt sich einer Lage \u00abinmitten sch\u00f6nster Natur\u00bb. Auch der Dorfkern mit dem letzten historischen Gasthaus sowie das hervorragend gepflegte Ensemble von Pfarrkirche und Pfarrhaus sind ein Bijoux. \u00dcber die Geschichte und Geschichten der Gemeinde berichtet Alt-Gemeindeschreiber Stefan Wunderlin. Thema dieses Besuchs ist zudem die \u00c4sthetik von <em>Mylord<\/em> und <em>Landauer<\/em>, pr\u00e4chtigen Kutschen der Familie Viktor und Pia Senn. \u2013 Treffpunkt: Gasthaus zur Taube, Mitteldorf 15.<br \/><br \/><\/p><h5><b>Samstag, 18. Oktober, N\u00fcrnberg (Deutschland), Albrecht-D\u00fcrer-Haus, 19 Uhr<\/b><\/h5><p>\u00a0\u00abD\u00fcrer \u2013 eine musikalische Perspektive\u00bb: Deutsche Urauff\u00fchrung von <strong>Stefano Ghisleris <\/strong><em>Melencolia I<\/em> zu Albrecht D\u00fcrers gleichnamigem Kupferstich von 1524, gespielt von <strong>Hansruedi Zeder<\/strong> (Hochdorf). Ein Beitrag im Rahmen des Poesiesommer-Projekts <em>fundus &#8211; Neue Musik f\u00fcr Clavichord<\/em>. \u2013 Der italienische Komponist <strong>Stefano Ghisleri<\/strong> (*1985 Brescia) w\u00e4hlte f\u00fcr eine musikalische Suite zehn Bildelemente aus D\u00fcrers Kupferstich <em>Melencolia I<\/em> und setzte diese in Kompositionen f\u00fcr Clavichord um: <em>La bilancia, La scala, la clessidra, la campana, Il fanciullo alato, Il coltello, Il quadrato magico, la sfera, il poliedro, Il cane scheletrico.<\/em> Da D\u00fcrer auch astronomische Forschungen betrieb, wird weiter die <em>Suite platonica<\/em> zu h\u00f6ren sein, in welcher Ghisleri kurze St\u00fccke f\u00fcr die zur Zeit von Johannes Kepler bekannten sechs Planeten Merkur, Venus, Erde, Mars, Jupiter und Saturn komponierte: Musik, die den Himmelsk\u00f6rpern buchst\u00e4blich den Puls f\u00fchlt. \u2013 Mit einer Einf\u00fchrung von Ulrich Suter und einem Gespr\u00e4ch der Kuratorin Dr. Christine Demele mit dem Komponisten Stefano Ghisleri. \u2013 Adresse: Museum Albrecht-D\u00fcrer-Haus, D\u00fcrer-Saal, Albrecht-D\u00fcrer-Strasse 39.<br \/><br \/><\/p><h5><strong>Dienstag<\/strong><b>, 21. Oktober, Biberstein, 9.30 Uhr<\/b><\/h5><p>\u00abAspekt Aargau \u2013 die Vielfalt des Kantons und seiner elf Bezirke erleben\u00bb: Biberstein im Bezirk Aarau war einst eine Stadt, dann ist sie zum Flecken \u00ababgesunken\u00bb \u2013 heute setzt sie auf Inklusion: Menschen mit geistiger und k\u00f6rperlicher Behinderung haben hier im Schloss ein Zuhause. <strong>Stefan Christen<\/strong> wird diese Institution, wo \u00abdas Leben im Zentrum steht\u00bb, vorstellen und Chefredaktor <strong>Franz Bohnenblust<\/strong> gibt Einblick in die lokale Dorfziitig. \u2013 Treffpunkt: Schloss Biberstein, P\u00e4chterhaus, Dorfstrasse 8.<br \/><br \/><\/p><h5><b>Donnerstag, 23. Oktober, Berom\u00fcnster, ehem. Landessender, 15 Uhr<\/b><\/h5><p>\u00abEuropawa\u0308ldli\u00bb: Ein Kulturprogramm im Zeichen des internationalen Austauschs zwischen der Schweiz und Europa. Seit 2014 werden beim ehem. Landessender (heute: KKLB) unter der A\u0308gide des Poesiesommers Ba\u0308ume zu Ehren der europa\u0308ischen Kulturra\u0308ume gepflanzt: eine Birke f\u00fcr Schweden und eine Eiche f\u00fcr Polen (2014), eine Blutbuche f\u00fcr Belgien und eine Rosskastanie f\u00fcr Frankreich (2015), eine Rottanne f\u00fcr Italien und eine Eiche f\u00fcr Spanien (2016), eine Buche f\u00fcr D\u00e4nemark und eine Rotbuche f\u00fcr Liechtenstein (2017), eine Silberweide f\u00fcr \u00d6sterreich und eine Schwarzpappel f\u00fcr die Niederlande (2018), eine Eibe f\u00fcr Grossbritannien und eine Birke f\u00fcr Finnland (2019), ein Ginkgo f\u00fcr Deutschland und ein Schlehdorn f\u00fcr Irland (2020), eine Schlangenhautkiefer f\u00fcr Bulgarien und ein Wacholder f\u00fcr Estland (2021), ein Seidelbast f\u00fcr Griechenland und eine Linde f\u00fcr Rum\u00e4nien (2022), ein wilder Kirschbaum f\u00fcr Kroatien und ein Nussbaum f\u00fcr Serbien (2023). Heuer kommen zu Ehren Lettlands und des Vatikanstaats ein Spitz-Ahorn und eine Edelkastanie dazu. \u2013 Adresse: KKLB, Landessender 1.<br \/><br \/><\/p><h5><b>Samstag, 25. Oktober, Schloss Hallwyl, 13.30-15.30 Uhr<\/b><\/h5><p>\u00ab\u00dcber die Wasser reisen\u00bb: Den sp\u00e4tmittelalterlichen Lastkahn in der Scheune am Aabach auf der M\u00fchleinsel stellt <strong>Sarah Caspers<\/strong> (Museum Aargau, Schloss Hallwyl) in zeitgeschichtliche Zusammenh\u00e4nge und berichtet \u00fcber das Reisen in fr\u00fcherer Zeit, auch in Bezug auf die Familie von Hallwyl. \u2013 Mit einem Dampfschiff reiste bei Ausbruch des 1. Weltkrieges der Boniswiler <strong>Karl Holliger<\/strong> (1891-1970) \u00fcber die Weltmeere. Er hinterliess Reisetageb\u00fccher und Bilder, die <strong>Daniel Humbel<\/strong>, Pr\u00e4sident der Historischen Vereinigung Seetal und Umgebung, vorstellt. Auf der Reise nach Ostasien notierte Karl Holliger: \u00abWir sind im Roten Meere und hatten die letzten Tage bis 45\u00b0 Celsius [\u2026] Am 19. Juli morgens fr\u00fch kamen wir in Aden an\u2026 In dieser Gegend soll es sehr viel Haifische geben. Heute Nachmittag sah ich zum ersten Mal fliegende Fische. Ich glaubte n\u00e4mlich vorher niemand, dass es solche gibt \u2013 bis ich es selber sah. Ich denke, es gibt noch mehr Leute, welche das auch mir nicht glauben, werden, deshalb habe ich dann am Abend einen solchen mit Taback ausgestopft um ihn nach Hause zu schicken\u2026\u00bb \u2013 Als junge Frau wagte die Berner Schriftstellerin <strong>Barbara Traber<\/strong> (Worb) den Sprung nach Afrika. Sie hielt die Erlebnisse auf dem Passagierschiff Foch und ihren pr\u00e4genden Aufenthalt im Schwarzen Kontinent im Roman <em>Nigeria \u2013 ich komme! Eine mutige Schweizerin in Lagos 1964\/65<\/em> fest. \u2013 Musikalische Begleitung: <strong>Hansruedi Zeder<\/strong> (Hochdorf). \u2013 Ort: M\u00fchleinsel, Scheune am Aabach.<br \/><br \/><\/p><h5><b>Sonntag, 26. Oktober, Brescia (Italien), 15.30 Uhr<\/b><\/h5><p><em>Oktoberisen ljuger inte (Das Oktobereis l\u00fcgt nicht)<\/em>, heisst der eben erschienene Gedichtband der schwedischen Autorin <strong>Carina Bergstr\u00f6m<\/strong> (Sorsele). Zusammen mit den <strong>Sorsele Spelm\u00e4n<\/strong>, einem Dutzend Volksmusikanten aus dem hohen Norden, ist die Autorin an einem Konzert in der Kirche San Lorenzo an der Geige zu erleben \u2013 und danach im literarischen Gespr\u00e4ch. 2013 las die Autorin auf Schloss Heidegg im Rahmen des Seetaler Poesiesommers aus ihrem Gedichtband <em>Innerstes Lappland<\/em>. \u2013 Ort: Chiesa di San Lorenzo, Via Moretto.<\/p>\t\t\t\t\t\t\t\t<\/div>\n\t\t\t\t<\/div>\n\t\t\t\t<div class=\"elementor-element elementor-element-cede591 elementor-widget elementor-widget-text-editor\" data-id=\"cede591\" data-element_type=\"widget\" data-e-type=\"widget\" data-widget_type=\"text-editor.default\">\n\t\t\t\t<div class=\"elementor-widget-container\">\n\t\t\t\t\t\t\t\t\t<h5><strong>Montag, 3. November, Aarau, 15 Uhr<\/strong><\/h5><p>\u00abIm Nebel ist die Landschaft ein weisses Blatt du \/ wendest es langsam liest Vorab-\/drucke von Fussnoten\u2026\u00bb schrieb der Schriftsteller und Altphilologe Virgilo Masciadri in seiner Mansarde an der Zelglistrasse in Aarau. Seine Schreibstube inspiriert noch heute und bietet anderen Literaten Gelegenheit, ihre Texte vorzustellen. Der Autor <strong>Max Dohner<\/strong> (Baden) ergreift diese Carte blanche und pr\u00e4sentiert einen Essay zum Thema \u00abLiteratur als geistige Landschaft\u00bb. \u2013 <strong>Angela Weber-Hohlfeldt<\/strong> (Seon) reflektiert in ihren Texten und Fotografien die Natur und pl\u00e4diert f\u00fcr \u00abmehr Wildnis\u00bb. Im Gedicht Monokultur schreibt sie: \u00abWenn&#8217;s nur noch eine \/ Wahrheit gibt angeblich \/ Dann wird die Welt zum Grab\u00bb. 2016 publizierte die in der DDR aufgewachsene Autorin und Anglistin das Buch <em>Max Frisch \u2013 Alfred Andersch: eine widerspr\u00fcchliche Freundschaft.<\/em> \u2013 Ort der Lesung: Zelglistrasse 60.<br \/><br \/><\/p><h5><b>Freitag, 7. November, St. Urban, Kloster, 17 Uhr<\/b><\/h5><p>\u00abSembra eccessivo l&#8217;odore \/ di gelsomino in cui vo ringioto \/ da questa farfalla \/ bianchissima che v\u00f2lita \/ vantadosi di nulla \/ e in cima alla salita controvento \/ sbietta verso un giardino, \/ si posa su un corimbo \/ di melo, si fa fiore.\u00bb \u2013 \u00abEs scheint \u00fcbertrieben zu sein, \/ der Jasminduft, in den ich verschluckt \/ werde durch diesen milchweissen \/ Schmetterling in seinem Flattern, \/ in seinem Mit-nichts-sich-Br\u00fcsten, \/ und zuoberst auf der Anh\u00f6he schwenkt er \/ im Gegenwind hin zum Garten, \/ setzt sich auf eine Apfelbaum-\/ dolde, wird Bl\u00fcte.\u00bb Dieses sp\u00e4te Gedicht von <strong>Giorgio Orelli<\/strong> findet sich im eben erschienenen zwei-sprachigen Band <em>Am Rande des Lebens \u2013 L&#8217;orlo della vita<\/em>, f\u00fcr den <strong>Christoph Ferber<\/strong> (Ragusa) aus den letzten Gedichten des 2013 verstorbenen Tessiner Dichters eine Auswahl traf und sie \u00fcbersetzte. Ebenfalls 2025 sind aus dem Nachlass des 2014 verstorbenen Lyrikers <strong>Virgilio Masciadri<\/strong> Gedichte unter dem Titel <em>Ultimo Canto<\/em> erschienen, die <strong>Monica Oliari<\/strong> (Aarau) auf Italienisch \u00fcbersetzt hat \u2013 Texte von grosser Eindringlichkeit: \u00abAufbl\u00e4ttern die \/ Agenda zum n\u00e4chsten Jahr \/ Sommer- \/ monate ansehen von denen \/ keiner weiss ob sie je \/ wiederkommen \/ wo \/ bin ich dann wenn einer \/ diese Tage z\u00e4hlt? Meine \/ Pl\u00e4ne reichen nicht \/ weiter als bis zur n\u00e4chsten \/ D\u00e4mmerung und wo \/ ist die die Quelle aus der \/ uns die Zeit zufliesst zu den besten \/ Stunden so reichlich \/ unsere H\u00e4nde f\u00fcllt dass wir \/ nicht merken \/ wie sie \/ uns durch die Finger rinnt?\u00bb \u2013 \u00abSfogliare l&#8217;agenda \/ al prossimo anno \/ mesi \/ d&#8217;estaste sotto agli occhi \/ dei quali nessuno sa se mai \/ ritorneranno \/ dove \/ sar\u00f2 io allora quando uno \/ conter\u00e0 questi giorni? I miei \/ progetti non bastano \/ al prossimo \/ crepuscolo e dove \/ \u00e8 la fonte da cui \/ a noi affluisce il tempo nelle \/ ore cos\u00ec riccamente \/ riempie le nostre mani da \/ non accorgerci come \/ ci scivoli tra le dita?\u00bb <strong>Cornelia Masciadri<\/strong> und<strong> Monica Oliari<\/strong> stellen die beiden herausragenden Lyriksammlungen vor und weisen auch auf Eigenheiten der \u00dcbersetzung hin. \u2013 Treffpunkt: vor der Klosterkirche.<br \/><br \/><\/p><h5><b>Donnerstag, 20. November, Aarau, 15 Uhr<\/b><\/h5><p><em>L&#8217;eau et les r\u00eaves<\/em> lautet ein Kapitel im Band <em>Gesammelte Gedichte 2010-2023<\/em> der in Waldkirch lebenden Autorin <strong>Eva-Maria Berg<\/strong>. Ihre Gedichte handeln von R\u00e4umen und Zeiten, vom Menschen, den Elementen. Und sie laden dazu ein, der Welt vorurteilslos zu begegnen: \u00ababer das licht \/ spricht dagegen \/ nur schwarz \/ zu sehen \/ aber das licht \/ spricht auch \/ von gefahr \/ sich blenden \/ zu lassen \/ statt alle \/ nuancen \/ wahrzunehmen\u00bb. Ihre j\u00fcngste Publikation hat die Autorin der Stadt Marseille gewidmet, wo sie manchen Schreibaufenthalt verbracht hat. \u2013 Ort der Lesung: Zelglistrasse 60.<br \/><br \/><\/p><h5><strong>Freitag, 21. November, Hochdorf, 13 Uhr<\/strong><\/h5><p>\u00abConfine \/\/ Ci protegge dall&#8217;altro \/ a giorni alterni, \/ ci difende dall&#8217;oltre \/ informe.\u00bb \u2013 \u00abGrenze \/\/ Sie bewahrt uns vor Anderem, \/ einen Tag, einen nicht, besch\u00fctzt uns vor Jenseitigem, das unf\u00f6rmig ist\u00bb, schreibt <strong>Pietro Montorfani<\/strong> (Cassarate) in seinem Gedichtband <em>Der Schatten der Welt \u2013 L&#8217;ombra del mondo<\/em>. <strong>Christoph Ferber<\/strong> (Ragusa) hat die Gedichte des Tessiner Autors \u00fcbersetzt. Sie sind diesen Herbst im Caracol Verlag (Warth) erschienen. <strong>Cornelia Masciadri<\/strong> (Hunzenschwil) stellt an dieser Buchvernissage zusammen mit dem Autor ausgew\u00e4hlte Texte vor. \u2013 Unweit der Grenze zu \u00d6sterreich und Italien, n\u00e4mlich in Scuol, ist die romanische Autorin <strong>Romana Ganzoni<\/strong> (Celerina) geboren. Aus ihren Gedichten und lyrischen Kurztexten sprechen intensives Erleben und Beobachten. \u2013 Eine kulturelle Br\u00fccke ins Welschland und bis nach Marokko schlagen der welsche Lyriker <strong>Bruno Mercier<\/strong> (Lausanne) und die Malerin <strong>Annette Korolnik<\/strong> (Loco TI) mit literarischen und visuellen Beitr\u00e4gen. <strong>Hansruedi Zeder<\/strong> (Hochdorf) bereichert den multidisziplin\u00e4ren Nachmittag mit Clavichordkompositionen aus der Schweiz und Europa. \u2013 Adresse: c\/o Zeder Lehmann, Urswilstrasse 29. \u2013 Treffpunkt f\u00fcr Ortsunkundige: Bahnhof Hochdorf, 12.45 Uhr.<br \/><br \/><\/p><h5><b>Freitag, 21. November, Chardonne, 19 Uhr<\/b><\/h5><p>\u00ab Ni d\u00e9but ni fin de ce qui reste du jour \/ \u00e0 sept heures pass\u00e9es\u2026 \u00bb \u00abKein Anfang und kein Ende was vom Tag \/ geblieben ist: nach sieben Uhr\u2026\u00bb: Die \u00dcbersetzerin <strong>Corinne Verdan-Moser<\/strong> (Chardonne) pr\u00e4sentiert mit <strong>Cornelia Masciadri<\/strong>, der Schwester des Dichters <strong>Virgilio Masciadri<\/strong> (1963-2014) die dreisprachige Ausgabe <em>Ultimo canto<\/em> von dessen Gedichten aus dem Nachlass. \u2013 Ort: Magasin de mots, Rue du Village 12.<br \/><br \/><\/p><h5><strong>Samstag<\/strong><b>, 22. November, Hunzenschwil, 18 Uhr<\/b><\/h5><p>\u00ab\u2026 so k\u00f6nnt ich dir schreiben das Beste \/ was ich dazugelernt habe sei \/ gleichg\u00fcltig \/ zu sein so wie jetzt beim Warten auf die\/ses Boot das mich mitnimmt irgendwohin wo \/ mein Gesicht \/ nur noch eins ist wie alle und niemand mich mehr fragt was sonst noch \/ sein k\u00f6nnte\u2026 \u00bb: Zum Langgedicht <em>Ultimo Canto<\/em> von <strong>Virgilio Masciadri<\/strong> hat der italienische Komponist <strong>Stefano Ghisleri<\/strong> eine Sonate geschrieben, die er erstmals \u00f6ffentlich auff\u00fchrt (Vorpremiere). \u2013 Adresse: c\/o Strebel Masciadri, Bahnhofstrasse 15.<br \/><br \/><\/p><h5><b>Sonntag, 23. November, Aarau, 11 Uhr<\/b><\/h5><p><em>Ultimo Canto<\/em> \u2013 Urauff\u00fchrung. \u00ab\u2026 nell&#8217;attesa di un qualsiasi possibile \/ mesaggio \/ senza \/ contarci\u00bb, endet Virgilio Masciadris Langgedicht <em>Ultimo Canto<\/em> in der italienischen \u00dcbersetzung von <strong>Monica Oliari<\/strong> (Aarau). <strong>Corinne Verdan-Moser<\/strong> (Chardonne) hat es auf Franz\u00f6sisch \u00fcbersetzt. Zusammen mit dem deutschen Original, das <strong>Cornelia Masciadri<\/strong> (Hunzenschwil) vortr\u00e4gt, ist es an dieser Vernissage dreisprachig zu h\u00f6ren. Der Komponist und Pianist<strong> Stefano Ghisleri<\/strong> (Brescia) spielt dazu seine gross angelegte viers\u00e4tzige Sonate <em>Ultimo Canto<\/em> als Urauff\u00fchrung. \u2013 Hinweise auf das wissenschaftliche Werk des Dichters und Altphilologen Masciadri gibt der Historiker <strong>Beat N\u00e4f<\/strong> (Aarau) und zum Abschluss dieser Matin\u00e9e pr\u00e4sentieren <strong>Manuel Jegerlehner<\/strong> (Klavier) und <strong>Luisa Murmann<\/strong> (Gesang) eine weitere Komposition zu einem Gedicht des Aargauer Lyrikers. \u2013 Ort: Alte Kantonsschule, Aula, Bahnhofstrasse 91.<\/p>\t\t\t\t\t\t\t\t<\/div>\n\t\t\t\t<\/div>\n\t\t\t\t\t<\/div>\n\t\t<\/div>\n\t\t\t\t\t<\/div>\n\t\t<\/section>\n\t\t\t\t<section class=\"elementor-section elementor-top-section elementor-element elementor-element-526347b elementor-section-boxed elementor-section-height-default elementor-section-height-default\" data-id=\"526347b\" data-element_type=\"section\" data-e-type=\"section\">\n\t\t\t\t\t\t<div class=\"elementor-container elementor-column-gap-default\">\n\t\t\t\t\t<div class=\"elementor-column elementor-col-100 elementor-top-column elementor-element elementor-element-dae533d\" data-id=\"dae533d\" data-element_type=\"column\" data-e-type=\"column\">\n\t\t\t<div class=\"elementor-widget-wrap\">\n\t\t\t\t\t\t\t<\/div>\n\t\t<\/div>\n\t\t\t\t\t<\/div>\n\t\t<\/section>\n\t\t\t\t<section class=\"elementor-section elementor-top-section elementor-element elementor-element-57d9e62 elementor-section-boxed elementor-section-height-default elementor-section-height-default\" data-id=\"57d9e62\" data-element_type=\"section\" data-e-type=\"section\">\n\t\t\t\t\t\t<div class=\"elementor-container elementor-column-gap-default\">\n\t\t\t\t\t<div class=\"elementor-column elementor-col-100 elementor-top-column elementor-element elementor-element-5601461\" data-id=\"5601461\" data-element_type=\"column\" data-e-type=\"column\">\n\t\t\t<div class=\"elementor-widget-wrap\">\n\t\t\t\t\t\t\t<\/div>\n\t\t<\/div>\n\t\t\t\t\t<\/div>\n\t\t<\/section>\n\t\t\t\t<section class=\"elementor-section elementor-top-section elementor-element elementor-element-a6adadc elementor-section-boxed elementor-section-height-default elementor-section-height-default\" data-id=\"a6adadc\" data-element_type=\"section\" data-e-type=\"section\">\n\t\t\t\t\t\t<div class=\"elementor-container elementor-column-gap-default\">\n\t\t\t\t\t<div class=\"elementor-column elementor-col-100 elementor-top-column elementor-element elementor-element-5c03756\" data-id=\"5c03756\" data-element_type=\"column\" data-e-type=\"column\">\n\t\t\t<div class=\"elementor-widget-wrap\">\n\t\t\t\t\t\t\t<\/div>\n\t\t<\/div>\n\t\t\t\t\t<\/div>\n\t\t<\/section>\n\t\t\t\t<section class=\"elementor-section elementor-top-section elementor-element elementor-element-3800e62 elementor-section-boxed elementor-section-height-default elementor-section-height-default\" data-id=\"3800e62\" data-element_type=\"section\" data-e-type=\"section\">\n\t\t\t\t\t\t<div class=\"elementor-container elementor-column-gap-default\">\n\t\t\t\t\t<div class=\"elementor-column elementor-col-100 elementor-top-column elementor-element elementor-element-8ff6037\" data-id=\"8ff6037\" data-element_type=\"column\" data-e-type=\"column\">\n\t\t\t<div class=\"elementor-widget-wrap elementor-element-populated\">\n\t\t\t\t\t\t<div class=\"elementor-element elementor-element-394dce6 elementor-widget elementor-widget-text-editor\" data-id=\"394dce6\" data-element_type=\"widget\" data-e-type=\"widget\" data-widget_type=\"text-editor.default\">\n\t\t\t\t<div class=\"elementor-widget-container\">\n\t\t\t\t\t\t\t\t\t<p><span style=\"font-family: 'Cambria',serif; mso-ascii-theme-font: minor-latin; mso-hansi-theme-font: minor-latin; mso-bidi-font-family: Helvetica; mso-ansi-language: DE-CH;\">Eintritt: Fr. 15.-\u00a0\u00a0 \/\u00a0 Schweizer Mundarttag Fr. 25.-<br \/>Anfragen\/Reservationen sind erbeten an: ulrich.suter.kultur@bluewin.ch<br \/><\/span><\/p>\t\t\t\t\t\t\t\t<\/div>\n\t\t\t\t<\/div>\n\t\t\t\t\t<\/div>\n\t\t<\/div>\n\t\t\t\t\t<\/div>\n\t\t<\/section>\n\t\t\t\t<section class=\"elementor-section elementor-top-section elementor-element elementor-element-12b967c elementor-section-boxed elementor-section-height-default elementor-section-height-default\" data-id=\"12b967c\" data-element_type=\"section\" data-e-type=\"section\">\n\t\t\t\t\t\t<div class=\"elementor-container elementor-column-gap-default\">\n\t\t\t\t\t<div class=\"elementor-column elementor-col-100 elementor-top-column elementor-element elementor-element-b330f4e\" data-id=\"b330f4e\" data-element_type=\"column\" data-e-type=\"column\">\n\t\t\t<div class=\"elementor-widget-wrap elementor-element-populated\">\n\t\t\t\t\t\t<div class=\"elementor-element elementor-element-b103e05 elementor-widget elementor-widget-html\" data-id=\"b103e05\" data-element_type=\"widget\" data-e-type=\"widget\" data-widget_type=\"html.default\">\n\t\t\t\t<div class=\"elementor-widget-container\">\n\t\t\t\t\t<script type=\"text\/javascript\">window.addEventListener('DOMContentLoaded', function() {\n\njQuery(document).ready(function() {\n    jQuery('#wph-back-button').on('click', function() {\n      window.history.go(-1);\n      return false;\n    });\n});\n\n});<\/script>\t\t\t\t<\/div>\n\t\t\t\t<\/div>\n\t\t\t\t\t<\/div>\n\t\t<\/div>\n\t\t\t\t\t<\/div>\n\t\t<\/section>\n\t\t\t\t<section class=\"elementor-section elementor-top-section elementor-element elementor-element-b1b89ed elementor-section-boxed elementor-section-height-default elementor-section-height-default\" data-id=\"b1b89ed\" data-element_type=\"section\" data-e-type=\"section\">\n\t\t\t\t\t\t<div class=\"elementor-container elementor-column-gap-default\">\n\t\t\t\t\t<div class=\"elementor-column elementor-col-100 elementor-top-column elementor-element elementor-element-9465c90\" data-id=\"9465c90\" data-element_type=\"column\" data-e-type=\"column\">\n\t\t\t<div class=\"elementor-widget-wrap\">\n\t\t\t\t\t\t\t<\/div>\n\t\t<\/div>\n\t\t\t\t\t<\/div>\n\t\t<\/section>\n\t\t\t\t<section class=\"elementor-section elementor-top-section elementor-element elementor-element-cc6ccb7 elementor-section-boxed elementor-section-height-default elementor-section-height-default\" data-id=\"cc6ccb7\" data-element_type=\"section\" data-e-type=\"section\">\n\t\t\t\t\t\t<div class=\"elementor-container elementor-column-gap-default\">\n\t\t\t\t\t<div class=\"elementor-column elementor-col-33 elementor-top-column elementor-element elementor-element-990fbf3\" data-id=\"990fbf3\" data-element_type=\"column\" data-e-type=\"column\">\n\t\t\t<div class=\"elementor-widget-wrap elementor-element-populated\">\n\t\t\t\t\t\t<div class=\"elementor-element elementor-element-b9b8b2c elementor-widget__width-initial elementor-widget elementor-widget-image\" data-id=\"b9b8b2c\" data-element_type=\"widget\" data-e-type=\"widget\" data-widget_type=\"image.default\">\n\t\t\t\t<div class=\"elementor-widget-container\">\n\t\t\t\t\t\t\t\t\t\t\t\t\t\t\t<img decoding=\"async\" width=\"300\" height=\"106\" src=\"https:\/\/poesiesommer.ch\/wp-content\/uploads\/2023\/06\/SWISSLOS-Kanton-Aargau-sw-300x106.jpg\" class=\"attachment-medium size-medium wp-image-138\" alt=\"\" srcset=\"https:\/\/poesiesommer.ch\/wp-content\/uploads\/2023\/06\/SWISSLOS-Kanton-Aargau-sw-300x106.jpg 300w, https:\/\/poesiesommer.ch\/wp-content\/uploads\/2023\/06\/SWISSLOS-Kanton-Aargau-sw-768x272.jpg 768w, https:\/\/poesiesommer.ch\/wp-content\/uploads\/2023\/06\/SWISSLOS-Kanton-Aargau-sw.jpg 920w\" sizes=\"(max-width: 300px) 100vw, 300px\" \/>\t\t\t\t\t\t\t\t\t\t\t\t\t\t\t<\/div>\n\t\t\t\t<\/div>\n\t\t\t\t\t<\/div>\n\t\t<\/div>\n\t\t\t\t<div class=\"elementor-column elementor-col-33 elementor-top-column elementor-element elementor-element-2edbe18\" data-id=\"2edbe18\" data-element_type=\"column\" data-e-type=\"column\">\n\t\t\t<div class=\"elementor-widget-wrap elementor-element-populated\">\n\t\t\t\t\t\t<div class=\"elementor-element elementor-element-2f45764 elementor-widget__width-initial elementor-widget elementor-widget-image\" data-id=\"2f45764\" data-element_type=\"widget\" data-e-type=\"widget\" data-widget_type=\"image.default\">\n\t\t\t\t<div class=\"elementor-widget-container\">\n\t\t\t\t\t\t\t\t\t\t\t\t\t\t\t<img fetchpriority=\"high\" decoding=\"async\" width=\"800\" height=\"121\" src=\"https:\/\/poesiesommer.ch\/wp-content\/uploads\/2023\/06\/kff_region_seetal_logotype.jpg\" class=\"attachment-large size-large wp-image-139\" alt=\"\" srcset=\"https:\/\/poesiesommer.ch\/wp-content\/uploads\/2023\/06\/kff_region_seetal_logotype.jpg 955w, https:\/\/poesiesommer.ch\/wp-content\/uploads\/2023\/06\/kff_region_seetal_logotype-300x46.jpg 300w, https:\/\/poesiesommer.ch\/wp-content\/uploads\/2023\/06\/kff_region_seetal_logotype-768x117.jpg 768w\" sizes=\"(max-width: 800px) 100vw, 800px\" \/>\t\t\t\t\t\t\t\t\t\t\t\t\t\t\t<\/div>\n\t\t\t\t<\/div>\n\t\t\t\t\t<\/div>\n\t\t<\/div>\n\t\t\t\t<div class=\"elementor-column elementor-col-33 elementor-top-column elementor-element elementor-element-f89d9aa\" data-id=\"f89d9aa\" data-element_type=\"column\" data-e-type=\"column\">\n\t\t\t<div class=\"elementor-widget-wrap elementor-element-populated\">\n\t\t\t\t\t\t<div class=\"elementor-element elementor-element-96a1593 elementor-widget__width-initial elementor-widget elementor-widget-image\" data-id=\"96a1593\" data-element_type=\"widget\" data-e-type=\"widget\" data-widget_type=\"image.default\">\n\t\t\t\t<div class=\"elementor-widget-container\">\n\t\t\t\t\t\t\t\t\t\t\t\t\t\t\t<img decoding=\"async\" width=\"333\" height=\"436\" src=\"https:\/\/poesiesommer.ch\/wp-content\/uploads\/2023\/08\/logo-oertlistiftung.jpg\" class=\"attachment-large size-large wp-image-816\" alt=\"\" srcset=\"https:\/\/poesiesommer.ch\/wp-content\/uploads\/2023\/08\/logo-oertlistiftung.jpg 333w, https:\/\/poesiesommer.ch\/wp-content\/uploads\/2023\/08\/logo-oertlistiftung-229x300.jpg 229w\" sizes=\"(max-width: 333px) 100vw, 333px\" \/>\t\t\t\t\t\t\t\t\t\t\t\t\t\t\t<\/div>\n\t\t\t\t<\/div>\n\t\t\t\t\t<\/div>\n\t\t<\/div>\n\t\t\t\t\t<\/div>\n\t\t<\/section>\n\t\t\t\t<section class=\"elementor-section elementor-top-section elementor-element elementor-element-226ff98 elementor-section-boxed elementor-section-height-default elementor-section-height-default\" data-id=\"226ff98\" data-element_type=\"section\" data-e-type=\"section\">\n\t\t\t\t\t\t<div class=\"elementor-container elementor-column-gap-default\">\n\t\t\t\t\t<div class=\"elementor-column elementor-col-33 elementor-top-column elementor-element elementor-element-b044c8b\" data-id=\"b044c8b\" data-element_type=\"column\" data-e-type=\"column\">\n\t\t\t<div class=\"elementor-widget-wrap elementor-element-populated\">\n\t\t\t\t\t\t<div class=\"elementor-element elementor-element-0eba04d elementor-widget elementor-widget-text-editor\" data-id=\"0eba04d\" data-element_type=\"widget\" data-e-type=\"widget\" data-widget_type=\"text-editor.default\">\n\t\t\t\t<div class=\"elementor-widget-container\">\n\t\t\t\t\t\t\t\t\t<p><b>Kulturkommission<\/b> <b>Hochdorf<\/b><br \/><b>Vereinigung Pro Heidegg<br \/>Historische Vereinigung Seetal <br \/><\/b><\/p>\t\t\t\t\t\t\t\t<\/div>\n\t\t\t\t<\/div>\n\t\t\t\t\t<\/div>\n\t\t<\/div>\n\t\t\t\t<div class=\"elementor-column elementor-col-33 elementor-top-column elementor-element elementor-element-826bd85\" data-id=\"826bd85\" data-element_type=\"column\" data-e-type=\"column\">\n\t\t\t<div class=\"elementor-widget-wrap elementor-element-populated\">\n\t\t\t\t\t\t<div class=\"elementor-element elementor-element-1b251b3 elementor-widget__width-initial elementor-widget elementor-widget-image\" data-id=\"1b251b3\" data-element_type=\"widget\" data-e-type=\"widget\" data-widget_type=\"image.default\">\n\t\t\t\t<div class=\"elementor-widget-container\">\n\t\t\t\t\t\t\t\t\t\t\t\t\t\t\t<img loading=\"lazy\" decoding=\"async\" width=\"800\" height=\"281\" src=\"https:\/\/poesiesommer.ch\/wp-content\/uploads\/2023\/06\/EGS_Schriftzug_2_schwarz-1024x360.jpg\" class=\"attachment-large size-large wp-image-651\" alt=\"\" srcset=\"https:\/\/poesiesommer.ch\/wp-content\/uploads\/2023\/06\/EGS_Schriftzug_2_schwarz-1024x360.jpg 1024w, https:\/\/poesiesommer.ch\/wp-content\/uploads\/2023\/06\/EGS_Schriftzug_2_schwarz-300x105.jpg 300w, https:\/\/poesiesommer.ch\/wp-content\/uploads\/2023\/06\/EGS_Schriftzug_2_schwarz-768x270.jpg 768w, https:\/\/poesiesommer.ch\/wp-content\/uploads\/2023\/06\/EGS_Schriftzug_2_schwarz.jpg 1512w\" sizes=\"(max-width: 800px) 100vw, 800px\" \/>\t\t\t\t\t\t\t\t\t\t\t\t\t\t\t<\/div>\n\t\t\t\t<\/div>\n\t\t\t\t\t<\/div>\n\t\t<\/div>\n\t\t\t\t<div class=\"elementor-column elementor-col-33 elementor-top-column elementor-element elementor-element-6a3b230\" data-id=\"6a3b230\" data-element_type=\"column\" data-e-type=\"column\">\n\t\t\t<div class=\"elementor-widget-wrap elementor-element-populated\">\n\t\t\t\t\t\t<div class=\"elementor-element elementor-element-8fd28ec elementor-widget__width-initial elementor-widget elementor-widget-image\" data-id=\"8fd28ec\" data-element_type=\"widget\" data-e-type=\"widget\" data-widget_type=\"image.default\">\n\t\t\t\t<div class=\"elementor-widget-container\">\n\t\t\t\t\t\t\t\t\t\t\t\t\t\t\t<img loading=\"lazy\" decoding=\"async\" width=\"800\" height=\"182\" src=\"https:\/\/poesiesommer.ch\/wp-content\/uploads\/2023\/06\/SCHWEDISCHE-BOTSCHAFT_BERN_RGB-1024x233.jpg\" class=\"attachment-large size-large wp-image-565\" alt=\"\" srcset=\"https:\/\/poesiesommer.ch\/wp-content\/uploads\/2023\/06\/SCHWEDISCHE-BOTSCHAFT_BERN_RGB-1024x233.jpg 1024w, https:\/\/poesiesommer.ch\/wp-content\/uploads\/2023\/06\/SCHWEDISCHE-BOTSCHAFT_BERN_RGB-300x68.jpg 300w, https:\/\/poesiesommer.ch\/wp-content\/uploads\/2023\/06\/SCHWEDISCHE-BOTSCHAFT_BERN_RGB-768x175.jpg 768w, https:\/\/poesiesommer.ch\/wp-content\/uploads\/2023\/06\/SCHWEDISCHE-BOTSCHAFT_BERN_RGB-1536x349.jpg 1536w, https:\/\/poesiesommer.ch\/wp-content\/uploads\/2023\/06\/SCHWEDISCHE-BOTSCHAFT_BERN_RGB-2048x466.jpg 2048w\" sizes=\"(max-width: 800px) 100vw, 800px\" \/>\t\t\t\t\t\t\t\t\t\t\t\t\t\t\t<\/div>\n\t\t\t\t<\/div>\n\t\t\t\t\t<\/div>\n\t\t<\/div>\n\t\t\t\t\t<\/div>\n\t\t<\/section>\n\t\t\t\t<section class=\"elementor-section elementor-top-section elementor-element elementor-element-44addda elementor-section-boxed elementor-section-height-default elementor-section-height-default\" data-id=\"44addda\" data-element_type=\"section\" data-e-type=\"section\">\n\t\t\t\t\t\t<div class=\"elementor-container elementor-column-gap-default\">\n\t\t\t\t\t<div class=\"elementor-column elementor-col-33 elementor-top-column elementor-element elementor-element-a4bcb51\" data-id=\"a4bcb51\" data-element_type=\"column\" data-e-type=\"column\">\n\t\t\t<div class=\"elementor-widget-wrap\">\n\t\t\t\t\t\t\t<\/div>\n\t\t<\/div>\n\t\t\t\t<div class=\"elementor-column elementor-col-33 elementor-top-column elementor-element elementor-element-0dcd0d8\" data-id=\"0dcd0d8\" data-element_type=\"column\" data-e-type=\"column\">\n\t\t\t<div class=\"elementor-widget-wrap\">\n\t\t\t\t\t\t\t<\/div>\n\t\t<\/div>\n\t\t\t\t<div class=\"elementor-column elementor-col-33 elementor-top-column elementor-element elementor-element-ad13639\" data-id=\"ad13639\" data-element_type=\"column\" data-e-type=\"column\">\n\t\t\t<div class=\"elementor-widget-wrap\">\n\t\t\t\t\t\t\t<\/div>\n\t\t<\/div>\n\t\t\t\t\t<\/div>\n\t\t<\/section>\n\t\t\t\t<\/div>\n\t\t","protected":false},"excerpt":{"rendered":"<p>Programm Juli August September Oktober November Kontakt X Seetaler Poesiesommer 2025 Das Erleben des poetischen Moments bildet den Angelpunkt des Seetaler Poesiesommers. Das Festival der leisen T\u00f6ne lebt auch in der 26. Ausgabe von seiner Spontaneit\u00e4t und regt an, dass sich Kultur im lokalen und (inter-)nationalen Austausch mitteile, unter B\u00e4umen und im Salon, im Atelier [&hellip;]<\/p>\n","protected":false},"author":1,"featured_media":0,"parent":0,"menu_order":0,"comment_status":"closed","ping_status":"closed","template":"elementor_canvas","meta":{"footnotes":""},"class_list":["post-36","page","type-page","status-publish","hentry"],"_links":{"self":[{"href":"https:\/\/poesiesommer.ch\/index.php\/wp-json\/wp\/v2\/pages\/36","targetHints":{"allow":["GET"]}}],"collection":[{"href":"https:\/\/poesiesommer.ch\/index.php\/wp-json\/wp\/v2\/pages"}],"about":[{"href":"https:\/\/poesiesommer.ch\/index.php\/wp-json\/wp\/v2\/types\/page"}],"author":[{"embeddable":true,"href":"https:\/\/poesiesommer.ch\/index.php\/wp-json\/wp\/v2\/users\/1"}],"replies":[{"embeddable":true,"href":"https:\/\/poesiesommer.ch\/index.php\/wp-json\/wp\/v2\/comments?post=36"}],"version-history":[{"count":522,"href":"https:\/\/poesiesommer.ch\/index.php\/wp-json\/wp\/v2\/pages\/36\/revisions"}],"predecessor-version":[{"id":1613,"href":"https:\/\/poesiesommer.ch\/index.php\/wp-json\/wp\/v2\/pages\/36\/revisions\/1613"}],"wp:attachment":[{"href":"https:\/\/poesiesommer.ch\/index.php\/wp-json\/wp\/v2\/media?parent=36"}],"curies":[{"name":"wp","href":"https:\/\/api.w.org\/{rel}","templated":true}]}}