{"id":113,"date":"2023-06-15T19:32:03","date_gmt":"2023-06-15T19:32:03","guid":{"rendered":"https:\/\/poesiesommer.ch\/?page_id=113"},"modified":"2025-08-21T19:52:14","modified_gmt":"2025-08-21T19:52:14","slug":"august","status":"publish","type":"page","link":"https:\/\/poesiesommer.ch\/index.php\/august\/","title":{"rendered":"August"},"content":{"rendered":"\t\t<div data-elementor-type=\"wp-page\" data-elementor-id=\"113\" class=\"elementor elementor-113\">\n\t\t\t\t\t\t<section class=\"elementor-section elementor-top-section elementor-element elementor-element-e553db7 elementor-section-boxed elementor-section-height-default elementor-section-height-default\" data-id=\"e553db7\" data-element_type=\"section\" data-e-type=\"section\">\n\t\t\t\t\t\t<div class=\"elementor-container elementor-column-gap-default\">\n\t\t\t\t\t<div class=\"elementor-column elementor-col-100 elementor-top-column elementor-element elementor-element-edd1da3\" data-id=\"edd1da3\" data-element_type=\"column\" data-e-type=\"column\">\n\t\t\t<div class=\"elementor-widget-wrap elementor-element-populated\">\n\t\t\t\t\t\t<div class=\"elementor-element elementor-element-82a151c elementor-widget elementor-widget-ekit-nav-menu\" data-id=\"82a151c\" data-element_type=\"widget\" data-e-type=\"widget\" data-widget_type=\"ekit-nav-menu.default\">\n\t\t\t\t<div class=\"elementor-widget-container\">\n\t\t\t\t\t\t\t<nav class=\"ekit-wid-con ekit_menu_responsive_tablet\"\n\t\t\tdata-hamburger-icon=\"\"\n\t\t\tdata-hamburger-icon-type=\"icon\"\n\t\t\tdata-responsive-breakpoint=\"1024\">\n\t\t\t            <button class=\"elementskit-menu-hamburger elementskit-menu-toggler\"  type=\"button\" aria-label=\"hamburger-icon\">\n                                    <span class=\"elementskit-menu-hamburger-icon\"><\/span><span class=\"elementskit-menu-hamburger-icon\"><\/span><span class=\"elementskit-menu-hamburger-icon\"><\/span>\n                            <\/button>\n            <div id=\"ekit-megamenu-hauptmenu\" class=\"elementskit-menu-container elementskit-menu-offcanvas-elements elementskit-navbar-nav-default ekit-nav-menu-one-page-no ekit-nav-dropdown-hover\"><ul id=\"menu-hauptmenu\" class=\"elementskit-navbar-nav elementskit-menu-po-right submenu-click-on-icon\"><li id=\"menu-item-91\" class=\"menu-item menu-item-type-post_type menu-item-object-page menu-item-home menu-item-has-children menu-item-91 nav-item elementskit-dropdown-has relative_position elementskit-dropdown-menu-default_width elementskit-mobile-builder-content\" data-vertical-menu=750px><a href=\"https:\/\/poesiesommer.ch\/\" class=\"ekit-menu-nav-link ekit-menu-dropdown-toggle\">Programm<i aria-hidden=\"true\" class=\"icon icon-down-arrow1 elementskit-submenu-indicator\"><\/i><\/a>\n<ul class=\"elementskit-dropdown elementskit-submenu-panel\">\n\t<li id=\"menu-item-473\" class=\"menu-item menu-item-type-post_type menu-item-object-page menu-item-473 nav-item elementskit-mobile-builder-content\" data-vertical-menu=750px><a href=\"https:\/\/poesiesommer.ch\/index.php\/juli\/\" class=\" dropdown-item\">Juli<\/a>\t<li id=\"menu-item-471\" class=\"menu-item menu-item-type-post_type menu-item-object-page menu-item-471 nav-item elementskit-mobile-builder-content\" data-vertical-menu=750px><a href=\"https:\/\/poesiesommer.ch\/index.php\/august\/\" class=\" dropdown-item\">August<\/a>\t<li id=\"menu-item-470\" class=\"menu-item menu-item-type-post_type menu-item-object-page menu-item-470 nav-item elementskit-mobile-builder-content\" data-vertical-menu=750px><a href=\"https:\/\/poesiesommer.ch\/index.php\/september\/\" class=\" dropdown-item\">September<\/a>\t<li id=\"menu-item-469\" class=\"menu-item menu-item-type-post_type menu-item-object-page menu-item-469 nav-item elementskit-mobile-builder-content\" data-vertical-menu=750px><a href=\"https:\/\/poesiesommer.ch\/index.php\/oktober\/\" class=\" dropdown-item\">Oktober<\/a>\t<li id=\"menu-item-468\" class=\"menu-item menu-item-type-post_type menu-item-object-page menu-item-468 nav-item elementskit-mobile-builder-content\" data-vertical-menu=750px><a href=\"https:\/\/poesiesommer.ch\/index.php\/november\/\" class=\" dropdown-item\">November<\/a><\/ul>\n<\/li>\n<li id=\"menu-item-472\" class=\"menu-item menu-item-type-post_type menu-item-object-page menu-item-472 nav-item elementskit-mobile-builder-content\" data-vertical-menu=750px><a href=\"https:\/\/poesiesommer.ch\/index.php\/kontakt\/\" class=\"ekit-menu-nav-link\">Kontakt<\/a><\/li>\n<\/ul><div class=\"elementskit-nav-identity-panel\"><button class=\"elementskit-menu-close elementskit-menu-toggler\" type=\"button\">X<\/button><\/div><\/div>\n\t\t\t<div class=\"elementskit-menu-overlay elementskit-menu-offcanvas-elements elementskit-menu-toggler ekit-nav-menu--overlay\"><\/div>        <\/nav>\n\t\t\t\t\t\t<\/div>\n\t\t\t\t<\/div>\n\t\t\t\t\t<\/div>\n\t\t<\/div>\n\t\t\t\t\t<\/div>\n\t\t<\/section>\n\t\t\t\t<section class=\"elementor-section elementor-top-section elementor-element elementor-element-4d8a88e elementor-section-boxed elementor-section-height-default elementor-section-height-default\" data-id=\"4d8a88e\" data-element_type=\"section\" data-e-type=\"section\">\n\t\t\t\t\t\t<div class=\"elementor-container elementor-column-gap-default\">\n\t\t\t\t\t<div class=\"elementor-column elementor-col-100 elementor-top-column elementor-element elementor-element-338d39f\" data-id=\"338d39f\" data-element_type=\"column\" data-e-type=\"column\">\n\t\t\t<div class=\"elementor-widget-wrap elementor-element-populated\">\n\t\t\t\t\t\t<div class=\"elementor-element elementor-element-5e61db5 elementor-widget elementor-widget-text-editor\" data-id=\"5e61db5\" data-element_type=\"widget\" data-e-type=\"widget\" data-widget_type=\"text-editor.default\">\n\t\t\t\t<div class=\"elementor-widget-container\">\n\t\t\t\t\t\t\t\t\t<p>Seetaler Poesiesommer 2025<\/p>\t\t\t\t\t\t\t\t<\/div>\n\t\t\t\t<\/div>\n\t\t\t\t\t<\/div>\n\t\t<\/div>\n\t\t\t\t\t<\/div>\n\t\t<\/section>\n\t\t\t\t<section class=\"elementor-section elementor-top-section elementor-element elementor-element-60a4ff9 elementor-section-boxed elementor-section-height-default elementor-section-height-default\" data-id=\"60a4ff9\" data-element_type=\"section\" data-e-type=\"section\">\n\t\t\t\t\t\t<div class=\"elementor-container elementor-column-gap-default\">\n\t\t\t\t\t<div class=\"elementor-column elementor-col-100 elementor-top-column elementor-element elementor-element-4874b95\" data-id=\"4874b95\" data-element_type=\"column\" data-e-type=\"column\">\n\t\t\t<div class=\"elementor-widget-wrap elementor-element-populated\">\n\t\t\t\t\t\t<div class=\"elementor-element elementor-element-f049930 elementor-widget elementor-widget-text-editor\" data-id=\"f049930\" data-element_type=\"widget\" data-e-type=\"widget\" data-widget_type=\"text-editor.default\">\n\t\t\t\t<div class=\"elementor-widget-container\">\n\t\t\t\t\t\t\t\t\t<p style=\"text-align: center;\"><b>August<\/b><\/p>\t\t\t\t\t\t\t\t<\/div>\n\t\t\t\t<\/div>\n\t\t\t\t\t<\/div>\n\t\t<\/div>\n\t\t\t\t\t<\/div>\n\t\t<\/section>\n\t\t\t\t<section class=\"elementor-section elementor-top-section elementor-element elementor-element-cb85cc8 elementor-section-boxed elementor-section-height-default elementor-section-height-default\" data-id=\"cb85cc8\" data-element_type=\"section\" data-e-type=\"section\">\n\t\t\t\t\t\t<div class=\"elementor-container elementor-column-gap-default\">\n\t\t\t\t\t<div class=\"elementor-column elementor-col-100 elementor-top-column elementor-element elementor-element-798b990\" data-id=\"798b990\" data-element_type=\"column\" data-e-type=\"column\">\n\t\t\t<div class=\"elementor-widget-wrap elementor-element-populated\">\n\t\t\t\t\t\t<div class=\"elementor-element elementor-element-34cefd9 elementor-widget elementor-widget-text-editor\" data-id=\"34cefd9\" data-element_type=\"widget\" data-e-type=\"widget\" data-widget_type=\"text-editor.default\">\n\t\t\t\t<div class=\"elementor-widget-container\">\n\t\t\t\t\t\t\t\t\t<h5><strong>Mittwoch, 6. August, Calpiogna (Tessin), 14 Uhr<\/strong><\/h5><p>\u00abIncontri tra i cipressi del Ticino \u2013 Celebrit\u00e0 che non ti aspetti nei nostri cimiteri\u00bb heisst der informative, 2024 in der Reihe Terra ticinese erschienene Band von <strong>Mare Dignola<\/strong> (Savosa). Er versammelt Pers\u00f6nlichkeiten, die im Tessin von Ascona \u00fcber Pura bis Villa Bedretto lebten und dort begraben sind. Die Liste reicht in alphabetischer Reihenfolge von Alfred und Gisela Andersch (Berzona) \u00fcber Emmy Hennings-Ball (Gentilino) bis G\u00fcnter Weisenborn (Gerra Piano) und bietet Entdeckungen Seite um Seite. <strong>Hansruedi Zeder<\/strong> (Calpiogna) begleitet die Pr\u00e4sentation des Autors am Clavichord. <strong>Cornelia Masciadri<\/strong> (Hunzenschwil) rezitiert dazu Tessiner Lyrik und <strong>Angela Weber-Hohlfeldt<\/strong> weist auf ihren Band \u00fcber die widerspr\u00fcchliche Freundschaft von Alfred Andersch und Max Frisch hin, die in Berzona Nachbarn waren. Ort: Sala comunale. \u2013 Treffpunkt: Postautohaltestelle Calpiogna.<br \/><br \/><\/p><h5><b>Donnerstag, 7. August, St. Urban, Kloster, 17 Uhr<\/b><\/h5><p>\u00ab\u2026 wie aus worten die erde wurde \/ wurde aus kl\u00e4ngen der himmel\u00bb, schreibt der im Seetal aufgewachsene Lyriker und Blockfl\u00f6tist <strong>Pius Strassmann<\/strong> im Band erinnerungsleicht. Die 2023 in der edition b\u00fccherlese erschienene Gedichtsammlung er\u00f6ffnen die Verse: \u00abkein ding zeigt \/ die ungebrochene f\u00fclle \/ von licht\u00bb und gegen Schluss heisst es: \u00abauf kandiszucker treten \/ macht die erde nicht s\u00fcsser \/ das knochenweisse knirschen \/ weckt eine stiebende ahnung\u00bb. \u2013 Treffpunkt: vor der Klosterkirche.<br \/><br \/><\/p><h5><b>Freitag, 8. August, Aarau, 14 Uhr<\/b><\/h5><p>\u00abAlles Sch\u00f6ne ist ein Pastell aus Durcheinander\u00bb: Hinter Behauptungen wie dieser steht eine Erkenntnis, die der Autor <strong>Max Dohner<\/strong> (Aarau) beim Schreiben seines neuen Romans gewonnen hat. Er erl\u00e4utert diesen Prozess und bemerkt dazu: \u00abIrgendwann unterwegs wundert man sich: Wie weit sind wir gekommen? Wie haben wir durchgehalten \u2013 mit der Poesie der Seele gegen die Prosa der Realit\u00e4t?\u00bb \u2013 In Zusammenarbeit mit der Sommerakademie VHS Aarau. Treffpunkt: Eingang Neue Kantonsschule Aarau, Schanzm\u00e4ttelistrasse 32.<br \/><br \/><\/p><h5><strong>Samstag, 9. August, Norrk\u00f6ping (Schweden), 21 Uhr<\/strong><\/h5><p>\u00a0\u00abSchatten am Tag, Schatten bei Nacht, Schatten im \u00dcbergang, da und fort, ob im Ruhen oder Laufen, auch beim Lauschen sp\u00fcrst du den Schatten. Schattenleben, Lebensschatten, mit dem Tod erst ist er weg\u00bb, hielt der im Mai verstorbene Engadiner Maler Gian Pedretti (1926-2025) im Band Traunterovas fest. Das nordische Licht mit seiner magischen Qualit\u00e4t war Gian Pedretti aus Werken Edvard Munchs vertraut. Im Carl Johans Park l\u00e4sst sich zu sp\u00e4ter Stunde \u00fcber Licht und Schatten reflektieren. \u2013 Treffpunkt: Delfinfont\u00e4n.<br \/><br \/><\/p><h5><b>Montag, 11. August, Bolln\u00e4s (Schweden), 17.30 Uhr<\/b><\/h5><p>\u00abKlavikordkonferens\u00bb: Vom Clavichord als historischem Instrument mit grossem Potenzial auch f\u00fcr heutige Komponisten handelt diese vom Seetaler Poesiesommer angeregte \u00f6ffentliche Konferenz, an welcher <strong>HansErik Svensson<\/strong> (Stockholm) seine Forschungen zu schwedischen Clavichorden pr\u00e4sentiert, <strong>Mayumi Kamata<\/strong> (Stockholm) \u00fcber Erfahrungen mit dem leisen Instrument im lauten Alltag spricht und <strong>Hansruedi Zeder<\/strong> (Hochdorf) aktuelle Clavichord-Partituren von zeitgen\u00f6ssischen Komponisten aus verschiedenen L\u00e4ndern vorstellt. \u2013 Adresse: Hembygdsg\u00e5rden K\u00e4mpens, S\u00f6dra Kyrkv\u00e4gen 1, Bolln\u00e4s.<br \/><br \/><\/p><h5><strong>Dienstag<\/strong><b>, 12. August, Edsbyn (Schweden), 16 Uhr<\/b><\/h5><p>\u00abKlavikordkonsert (I)\u00bb: Das im Jahr 1774 von Pehr Lundborg gebaute Clavichord in Edsbyn konnte 2017 von HansErik Svensson restauriert werden und erklingt seither j\u00e4hrlich im Rahmen des Poesiesommers. <strong>Mayumi Kamata<\/strong> und <strong>Hansruedi Zeder<\/strong> ergr\u00fcnden die Seele des Instruments mit St\u00fccken u.a. von Mozart, Haydn, Bach, Ghisleri \u2013 im Sinne des v\u00e4rml\u00e4ndischen Dichters Gunnar Ehne, der vom Wald sagte, er sei die Braut der Seele, die er nie verraten werde: \u00abSkogen \u00e4r sj\u00e4las f\u00e4stm\u00f6, som jag adrig sviker.\u00bb \u2013 Adresse: Hembygdsg\u00e5rden M\u00e5rtes, Edsbyn.<br \/><br \/><\/p><h5><b>Dienstag, 12. August, Edsbyn (Schweden), 19 Uhr<\/b><\/h5><p>\u00abKlavikordkonsert (II)\u00bb: Das im Jahr 1774 von Pehr Lundborg gebaute Clavichord in Edsbyn konnte 2017 von HansErik Svensson restauriert werden und erklingt seither j\u00e4hrlich im Rahmen des Poesiesommers. <strong>Mayumi Kamata<\/strong> und <strong>Hansruedi Zeder<\/strong> spielen St\u00fccke u.a. von Mozart, Haydn, Bach, Ghisleri. \u2013 Adresse: Hembygdsg\u00e5rden M\u00e5rtes, Edsbyn.<br \/><br \/><\/p><h5><b>Mittwoch, 13. August, Ume\u00e5 (Schweden), 16 Uhr<\/b><\/h5><p>\u00abStrivlas d&#8217;gl\u00fcsch e sumbriva\u00bb: Dem Engadiner Maler Gian Pedretti (1926-2025) im hohen Norden gedenken, mit dem Zeichenstift, und dabei \u00abLicht- und Schattenstreifen\u00bb einfangen, wie er es \u2013 auch mit Worten \u2013 so meisterlich vermochte: \u00ab\u2026 lange, lange, lange schauen. Und kommt der Tag mit Licht und Schatten, vergiss es nicht, das Schattenlicht\u00bb. \u2013 Treffpunkt: Bildmuseet.<br \/><br \/><\/p><h5><b>Donnerstag, 14. August, Ume\u00e5 (Schweden), 13 Uhr<\/b><\/h5><p>\u00abDansen\u00bb: Die K\u00fcnstlerin Ellen Roosval von Hallwyl schuf mit der lebensgrossen Bronzeskulptur Dansen (der Tanz) im Hallwylska museet in Stockholm ein anmutiges Meisterwerk. Carina Bergstr\u00f6m (Sorsele) schrieb dazu eine Komposition, die das tanzende Paar zum Leben erweckt. Hansruedi Zeder stellt das St\u00fcck f\u00fcr Geige und Klavier vor. \u2013 Ort: Galleri Alva, Norrlands universitetssjukhus.<br \/><br \/><\/p><h5><b>Freitag, 15. August, Vaasa (Finnland), 18.30 Uhr<\/b><\/h5><p>\u00abWandern, Wandern, Wandern von einem Ort zum andern und immer wieder bleibt das Ged\u00e4chtnis <br \/>stehn, sich umdrehen, nachsehen\u2026 und wie ich so lausche und male, vergess ich die Zeit, bin anderswo\u00bb: Gian Pedretti (1926-2025) gedenken \u2013 und mit seinen Gedanken begreifen, welche Orientierung die Kunst bietet. \u2013 Treffpunkt: Kirkkopuisto.<br \/><br \/><\/p><h5><strong>Samstag, 16. August, Sein\u00e4joki (Finnland), 13.30 Uhr<\/strong><\/h5><p>\u00abZeichen machen, Standort wechseln, nicht m\u00fcde werden, im Licht zu stehen, ins Licht zu sehen. Wenn die Gedanken fallen, wie platzend heisses Blei, im topographischen Relief erstarrt und tastbar zu lesen\u00bb: Gian Pedretti (1926-2025) gedenken, in einer Stadt, wo die Architektur Alvar Aaltos leuchtende Zeichen setzt. \u2013 Treffpunkt: Kalevan Navetta (Kunsthalle).<br \/><br \/><\/p><h5><b>Sonntag, 17. August, Helsinki (Finnland), 20 Uhr<\/b><\/h5><p>\u00abTerveisi\u00e4 Helsingist\u00e4!\u00bb Der Horgner Unternehmer Adolf Feller liebte Postkarten. Er liess sie sich zu Zehntausenden zuschicken, aus aller Welt, und etliche auch aus Finnland. Heute sind Postkarten rar geworden. Wer derlei schreibt, verdichtet Beobachtungen und Gedanken zu wenigen Zeilen, was durchaus ein poetisches Prinzip ist. Welche Mitteilungen sich aus der finnischen Hauptstadt aufdr\u00e4ngen, kann an einer Promenade durch die Esplanade Helsinkis erlebt werden. \u2013 Treffpunkt: Kappeli, Etel\u00e4esplanadi 1.<br \/><br \/><\/p><h5><b>Montag, 18. August, Helsinki (Finnland), 18 Uhr<\/b><\/h5><p><em>Passio Musicae<\/em> nannte die finnische K\u00fcnstlerin Eila Hiltunen ihre Jean Sibelius gewidmete Skultpur aus rund 600 Stahlr\u00f6hren, die 1967 im Sibelius-Park eingeweiht wurde. Sie f\u00fcgt sich zeitlos in die Natur ein und weckt klingende Vorstellungen. Sibelius wurde 1865 in H\u00e4meenlinna geboren; dort verbrachte, auf dem Hof Kirstula, Carl Spitteler seinen ersten Sommer im Land der Tausend Seen. Wer sich \u00fcber finnisch-schweizerisches Kulturschaffen in Helsinki austauschen m\u00f6chte, ist zu dieser Begegnung mit Treffpunkt beim Sibelius-Monument herzlich eingeladen. \u2013 Ort: Sibeliuksenpuisto.<br \/><br \/><\/p><h5><strong>Dienstag, 19. August, Stockholm (Schweden), 18 Uhr<\/strong><\/h5><p>\u00a0\u00abEj f\u00e5r du bryta min ros!\u00bb (August Strindberg): Zur ersten Veranstaltung des Seetaler Poesiesommers in Schweden im Jahre 2012 wurde eine Rose gepflanzt. Inzwischen hat sich die Welt ver\u00e4ndert und viele Bl\u00fcten sind verwelkt. Wie h\u00e4lt es die Rose heute \u2013 in dieser Welt?\u00a0 \u2013 Adresse: Holbergsgatan 93.<br \/><br \/><\/p><h5><b>Mittwoch, 27. August, Hochdorf, c\/o Zeder Lehmann, Urswilstrasse 29, 19 Uhr\u00a0<\/b><\/h5><p>\u00abNigeria \u2013 ich komme! Eine mutige junge Schweizerin in Lagos 1964\/65\u00bb heisst ein aktuelles Buch der Berner Schriftstellerin <strong>Barbara Traber<\/strong> (Worb). Es schildert ihre Zeit als Sekret\u00e4rin der Schweizer Botschaft in Nigeria, die sich als pr\u00e4gende Jahre erweisen und zu unvergesslichen Erlebnissen f\u00fchren. \u00abDie Erdnussfrau: Ich seh sie jeden Morgen, die alte Yoruba-Frau. \u2013 Seit ich sie in ihrer Sprache gr\u00fcsse, winkt sie mir fr\u00f6hlich zu, und wenn ich f\u00fcr einige M\u00fcnzen ger\u00f6stete N\u00fcsschen kaufe, gibt sie mir eine Handvoll als Geschenk und wickelt sie sorgf\u00e4ltig in Bl\u00e4tter aus alten Schulheften ein\u00bb. \u2013 Adresse: Urswilstrasse 29 (nicht in der Regionalbibliothek!).<br \/><br \/><\/p><h5><strong>In Italien findet statt:<\/strong><\/h5><h5><strong>Samstag, 16. August, Lanzo d&#8217;Intelvi (Italien), 16.30 Uhr<\/strong><\/h5><p>\u00abCi sono cose che so e cose \/ che non so \u2026\u00bb \u2013 \u00abJe sais bien des choses bien d&#8217;autres m&#8217;\u00e9chap-\/pent\u2026\u00bb Die 2025 im Tessiner Verlag alla chiara fonte auf Deutsch, Franz\u00f6sisch und Italienisch erschienene Ausgabe Ultimo canto von Gedichten des Aargauer Lyrikers <strong>Virgilio Masciadri<\/strong> (1963-2014) stellen <strong>Monica Oliari<\/strong> und <strong>Cornelia Masciadri<\/strong> erstmals in Italien, wo der Dichter ein zweites Zuhause hatte, vor. Der Komponist <strong>Stefano Ghisleri<\/strong> begleitet die Lesung am Fl\u00fcgel. \u2013 Ort: Villa Turconi, Lanzo d&#8217;Intelvi (Italien). Anreise: Zug bis Maroggia-Melano, von dort Abholung mit Privatauto m\u00f6glich (bitte voranmelden: 079 365 48 72)<\/p>\t\t\t\t\t\t\t\t<\/div>\n\t\t\t\t<\/div>\n\t\t\t\t\t<\/div>\n\t\t<\/div>\n\t\t\t\t\t<\/div>\n\t\t<\/section>\n\t\t\t\t<section class=\"elementor-section elementor-top-section elementor-element elementor-element-ee64cdc elementor-section-boxed elementor-section-height-default elementor-section-height-default\" data-id=\"ee64cdc\" data-element_type=\"section\" data-e-type=\"section\">\n\t\t\t\t\t\t<div class=\"elementor-container elementor-column-gap-default\">\n\t\t\t\t\t<div class=\"elementor-column elementor-col-100 elementor-top-column elementor-element elementor-element-05c5a16\" data-id=\"05c5a16\" data-element_type=\"column\" data-e-type=\"column\">\n\t\t\t<div class=\"elementor-widget-wrap elementor-element-populated\">\n\t\t\t\t\t\t<div class=\"elementor-element elementor-element-6a7f32e elementor-widget elementor-widget-html\" data-id=\"6a7f32e\" data-element_type=\"widget\" data-e-type=\"widget\" data-widget_type=\"html.default\">\n\t\t\t\t<div class=\"elementor-widget-container\">\n\t\t\t\t\t<script type=\"text\/javascript\">window.addEventListener('DOMContentLoaded', function() {\n\njQuery(document).ready(function() {\n    jQuery('#wph-back-button').on('click', function() {\n      window.history.go(-1);\n      return false;\n    });\n});\n\n});<\/script>\t\t\t\t<\/div>\n\t\t\t\t<\/div>\n\t\t\t\t\t<\/div>\n\t\t<\/div>\n\t\t\t\t\t<\/div>\n\t\t<\/section>\n\t\t\t\t<section class=\"elementor-section elementor-top-section elementor-element elementor-element-b1a4d7e elementor-section-boxed elementor-section-height-default elementor-section-height-default\" data-id=\"b1a4d7e\" data-element_type=\"section\" data-e-type=\"section\">\n\t\t\t\t\t\t<div class=\"elementor-container elementor-column-gap-default\">\n\t\t\t\t\t<div class=\"elementor-column elementor-col-100 elementor-top-column elementor-element elementor-element-731196b\" data-id=\"731196b\" data-element_type=\"column\" data-e-type=\"column\">\n\t\t\t<div class=\"elementor-widget-wrap elementor-element-populated\">\n\t\t\t\t\t\t<div class=\"elementor-element elementor-element-6dcc8d8 elementor-widget elementor-widget-text-editor\" data-id=\"6dcc8d8\" data-element_type=\"widget\" data-e-type=\"widget\" data-widget_type=\"text-editor.default\">\n\t\t\t\t<div class=\"elementor-widget-container\">\n\t\t\t\t\t\t\t\t\t<p>* * *<\/p><p><span style=\"font-family: 'Cambria',serif; mso-ascii-theme-font: minor-latin; mso-hansi-theme-font: minor-latin; mso-bidi-font-family: Helvetica; mso-ansi-language: DE-CH;\">\u00a0<\/span><\/p><p><span style=\"font-family: 'Cambria',serif; mso-ascii-theme-font: minor-latin; mso-hansi-theme-font: minor-latin; mso-bidi-font-family: Helvetica; mso-ansi-language: DE-CH;\">Die Programme <b>September &#8211; Oktober &#8211; November<\/b> erscheinen Ende des Vormonats. <br \/><\/span><\/p><p><span style=\"font-family: 'Cambria',serif; mso-ascii-theme-font: minor-latin; mso-hansi-theme-font: minor-latin; mso-bidi-font-family: Helvetica; mso-ansi-language: DE-CH;\">Reservationen \/ Anfragen sind erbeten an: ulrich.suter.kultur@bluewin.ch<\/span><\/p><p><span style=\"font-family: 'Cambria',serif; mso-ascii-theme-font: minor-latin; mso-hansi-theme-font: minor-latin; mso-bidi-font-family: Helvetica; mso-ansi-language: DE-CH;\">\u00a0<\/span><\/p><p>* * *<\/p>\t\t\t\t\t\t\t\t<\/div>\n\t\t\t\t<\/div>\n\t\t\t\t\t<\/div>\n\t\t<\/div>\n\t\t\t\t\t<\/div>\n\t\t<\/section>\n\t\t\t\t<section class=\"elementor-section elementor-top-section elementor-element elementor-element-b493e6a elementor-section-boxed elementor-section-height-default elementor-section-height-default\" data-id=\"b493e6a\" data-element_type=\"section\" data-e-type=\"section\">\n\t\t\t\t\t\t<div class=\"elementor-container elementor-column-gap-default\">\n\t\t\t\t\t<div class=\"elementor-column elementor-col-100 elementor-top-column elementor-element elementor-element-f2efc5f\" data-id=\"f2efc5f\" data-element_type=\"column\" data-e-type=\"column\">\n\t\t\t<div class=\"elementor-widget-wrap elementor-element-populated\">\n\t\t\t\t\t\t<div class=\"elementor-element elementor-element-ea3309f elementor-widget elementor-widget-html\" data-id=\"ea3309f\" data-element_type=\"widget\" data-e-type=\"widget\" data-widget_type=\"html.default\">\n\t\t\t\t<div class=\"elementor-widget-container\">\n\t\t\t\t\t<script type=\"text\/javascript\">window.addEventListener('DOMContentLoaded', function() {\n\njQuery(document).ready(function() {\n    jQuery('#wph-back-button').on('click', function() {\n      window.history.go(-1);\n      return false;\n    });\n});\n\n});<\/script>\t\t\t\t<\/div>\n\t\t\t\t<\/div>\n\t\t\t\t\t<\/div>\n\t\t<\/div>\n\t\t\t\t\t<\/div>\n\t\t<\/section>\n\t\t\t\t<section class=\"elementor-section elementor-top-section elementor-element elementor-element-e5c268a elementor-section-boxed elementor-section-height-default elementor-section-height-default\" data-id=\"e5c268a\" data-element_type=\"section\" data-e-type=\"section\">\n\t\t\t\t\t\t<div class=\"elementor-container elementor-column-gap-default\">\n\t\t\t\t\t<div class=\"elementor-column elementor-col-100 elementor-top-column elementor-element elementor-element-41720e5\" data-id=\"41720e5\" data-element_type=\"column\" data-e-type=\"column\">\n\t\t\t<div class=\"elementor-widget-wrap\">\n\t\t\t\t\t\t\t<\/div>\n\t\t<\/div>\n\t\t\t\t\t<\/div>\n\t\t<\/section>\n\t\t\t\t<section class=\"elementor-section elementor-top-section elementor-element elementor-element-c1422a1 elementor-section-boxed elementor-section-height-default elementor-section-height-default\" data-id=\"c1422a1\" data-element_type=\"section\" data-e-type=\"section\">\n\t\t\t\t\t\t<div class=\"elementor-container elementor-column-gap-default\">\n\t\t\t\t\t<div class=\"elementor-column elementor-col-33 elementor-top-column elementor-element elementor-element-84bb7e8\" data-id=\"84bb7e8\" data-element_type=\"column\" data-e-type=\"column\">\n\t\t\t<div class=\"elementor-widget-wrap elementor-element-populated\">\n\t\t\t\t\t\t<div class=\"elementor-element elementor-element-7ee298f elementor-widget__width-initial elementor-widget elementor-widget-image\" data-id=\"7ee298f\" data-element_type=\"widget\" data-e-type=\"widget\" data-widget_type=\"image.default\">\n\t\t\t\t<div class=\"elementor-widget-container\">\n\t\t\t\t\t\t\t\t\t\t\t\t\t\t\t<img decoding=\"async\" width=\"300\" height=\"106\" src=\"https:\/\/poesiesommer.ch\/wp-content\/uploads\/2023\/06\/SWISSLOS-Kanton-Aargau-sw-300x106.jpg\" class=\"attachment-medium size-medium wp-image-138\" alt=\"\" srcset=\"https:\/\/poesiesommer.ch\/wp-content\/uploads\/2023\/06\/SWISSLOS-Kanton-Aargau-sw-300x106.jpg 300w, https:\/\/poesiesommer.ch\/wp-content\/uploads\/2023\/06\/SWISSLOS-Kanton-Aargau-sw-768x272.jpg 768w, https:\/\/poesiesommer.ch\/wp-content\/uploads\/2023\/06\/SWISSLOS-Kanton-Aargau-sw.jpg 920w\" sizes=\"(max-width: 300px) 100vw, 300px\" \/>\t\t\t\t\t\t\t\t\t\t\t\t\t\t\t<\/div>\n\t\t\t\t<\/div>\n\t\t\t\t\t<\/div>\n\t\t<\/div>\n\t\t\t\t<div class=\"elementor-column elementor-col-33 elementor-top-column elementor-element elementor-element-7ac7d96\" data-id=\"7ac7d96\" data-element_type=\"column\" data-e-type=\"column\">\n\t\t\t<div class=\"elementor-widget-wrap elementor-element-populated\">\n\t\t\t\t\t\t<div class=\"elementor-element elementor-element-ba5a6d8 elementor-widget__width-initial elementor-widget elementor-widget-image\" data-id=\"ba5a6d8\" data-element_type=\"widget\" data-e-type=\"widget\" data-widget_type=\"image.default\">\n\t\t\t\t<div class=\"elementor-widget-container\">\n\t\t\t\t\t\t\t\t\t\t\t\t\t\t\t<img fetchpriority=\"high\" decoding=\"async\" width=\"800\" height=\"121\" src=\"https:\/\/poesiesommer.ch\/wp-content\/uploads\/2023\/06\/kff_region_seetal_logotype.jpg\" class=\"attachment-large size-large wp-image-139\" alt=\"\" srcset=\"https:\/\/poesiesommer.ch\/wp-content\/uploads\/2023\/06\/kff_region_seetal_logotype.jpg 955w, https:\/\/poesiesommer.ch\/wp-content\/uploads\/2023\/06\/kff_region_seetal_logotype-300x46.jpg 300w, https:\/\/poesiesommer.ch\/wp-content\/uploads\/2023\/06\/kff_region_seetal_logotype-768x117.jpg 768w\" sizes=\"(max-width: 800px) 100vw, 800px\" \/>\t\t\t\t\t\t\t\t\t\t\t\t\t\t\t<\/div>\n\t\t\t\t<\/div>\n\t\t\t\t\t<\/div>\n\t\t<\/div>\n\t\t\t\t<div class=\"elementor-column elementor-col-33 elementor-top-column elementor-element elementor-element-3b50cac\" data-id=\"3b50cac\" data-element_type=\"column\" data-e-type=\"column\">\n\t\t\t<div class=\"elementor-widget-wrap elementor-element-populated\">\n\t\t\t\t\t\t<div class=\"elementor-element elementor-element-d3cad8e elementor-widget__width-initial elementor-widget elementor-widget-image\" data-id=\"d3cad8e\" data-element_type=\"widget\" data-e-type=\"widget\" data-widget_type=\"image.default\">\n\t\t\t\t<div class=\"elementor-widget-container\">\n\t\t\t\t\t\t\t\t\t\t\t\t\t\t\t<img decoding=\"async\" width=\"333\" height=\"436\" src=\"https:\/\/poesiesommer.ch\/wp-content\/uploads\/2023\/08\/logo-oertlistiftung.jpg\" class=\"attachment-large size-large wp-image-816\" alt=\"\" srcset=\"https:\/\/poesiesommer.ch\/wp-content\/uploads\/2023\/08\/logo-oertlistiftung.jpg 333w, https:\/\/poesiesommer.ch\/wp-content\/uploads\/2023\/08\/logo-oertlistiftung-229x300.jpg 229w\" sizes=\"(max-width: 333px) 100vw, 333px\" \/>\t\t\t\t\t\t\t\t\t\t\t\t\t\t\t<\/div>\n\t\t\t\t<\/div>\n\t\t\t\t\t<\/div>\n\t\t<\/div>\n\t\t\t\t\t<\/div>\n\t\t<\/section>\n\t\t\t\t<section class=\"elementor-section elementor-top-section elementor-element elementor-element-20898c7 elementor-section-boxed elementor-section-height-default elementor-section-height-default\" data-id=\"20898c7\" data-element_type=\"section\" data-e-type=\"section\">\n\t\t\t\t\t\t<div class=\"elementor-container elementor-column-gap-default\">\n\t\t\t\t\t<div class=\"elementor-column elementor-col-100 elementor-top-column elementor-element elementor-element-355fac1\" data-id=\"355fac1\" data-element_type=\"column\" data-e-type=\"column\">\n\t\t\t<div class=\"elementor-widget-wrap elementor-element-populated\">\n\t\t\t\t\t\t<div class=\"elementor-element elementor-element-0b0566e elementor-widget elementor-widget-html\" data-id=\"0b0566e\" data-element_type=\"widget\" data-e-type=\"widget\" data-widget_type=\"html.default\">\n\t\t\t\t<div class=\"elementor-widget-container\">\n\t\t\t\t\t<script type=\"text\/javascript\">window.addEventListener('DOMContentLoaded', function() {\n\njQuery(document).ready(function() {\n    jQuery('#wph-back-button').on('click', function() {\n      window.history.go(-1);\n      return false;\n    });\n});\n\n});<\/script>\t\t\t\t<\/div>\n\t\t\t\t<\/div>\n\t\t\t\t\t<\/div>\n\t\t<\/div>\n\t\t\t\t\t<\/div>\n\t\t<\/section>\n\t\t\t\t<section class=\"elementor-section elementor-top-section elementor-element elementor-element-b627408 elementor-section-boxed elementor-section-height-default elementor-section-height-default\" data-id=\"b627408\" data-element_type=\"section\" data-e-type=\"section\">\n\t\t\t\t\t\t<div class=\"elementor-container elementor-column-gap-default\">\n\t\t\t\t\t<div class=\"elementor-column elementor-col-33 elementor-top-column elementor-element elementor-element-1ba5b9e\" data-id=\"1ba5b9e\" data-element_type=\"column\" data-e-type=\"column\">\n\t\t\t<div class=\"elementor-widget-wrap elementor-element-populated\">\n\t\t\t\t\t\t<div class=\"elementor-element elementor-element-4b47af2 elementor-widget elementor-widget-text-editor\" data-id=\"4b47af2\" data-element_type=\"widget\" data-e-type=\"widget\" data-widget_type=\"text-editor.default\">\n\t\t\t\t<div class=\"elementor-widget-container\">\n\t\t\t\t\t\t\t\t\t<p><b>Kulturkommission<\/b> <b>Hochdorf<\/b><br \/><b>Vereinigung Pro Heidegg<br \/>Historische Vereinigung Seetal<\/b><\/p>\t\t\t\t\t\t\t\t<\/div>\n\t\t\t\t<\/div>\n\t\t\t\t\t<\/div>\n\t\t<\/div>\n\t\t\t\t<div class=\"elementor-column elementor-col-33 elementor-top-column elementor-element elementor-element-5f74787\" data-id=\"5f74787\" data-element_type=\"column\" data-e-type=\"column\">\n\t\t\t<div class=\"elementor-widget-wrap elementor-element-populated\">\n\t\t\t\t\t\t<div class=\"elementor-element elementor-element-eec0eee elementor-widget__width-initial elementor-widget elementor-widget-image\" data-id=\"eec0eee\" data-element_type=\"widget\" data-e-type=\"widget\" data-widget_type=\"image.default\">\n\t\t\t\t<div class=\"elementor-widget-container\">\n\t\t\t\t\t\t\t\t\t\t\t\t\t\t\t<img loading=\"lazy\" decoding=\"async\" width=\"800\" height=\"281\" src=\"https:\/\/poesiesommer.ch\/wp-content\/uploads\/2023\/06\/EGS_Schriftzug_2_schwarz-1024x360.jpg\" class=\"attachment-large size-large wp-image-651\" alt=\"\" srcset=\"https:\/\/poesiesommer.ch\/wp-content\/uploads\/2023\/06\/EGS_Schriftzug_2_schwarz-1024x360.jpg 1024w, https:\/\/poesiesommer.ch\/wp-content\/uploads\/2023\/06\/EGS_Schriftzug_2_schwarz-300x105.jpg 300w, https:\/\/poesiesommer.ch\/wp-content\/uploads\/2023\/06\/EGS_Schriftzug_2_schwarz-768x270.jpg 768w, https:\/\/poesiesommer.ch\/wp-content\/uploads\/2023\/06\/EGS_Schriftzug_2_schwarz.jpg 1512w\" sizes=\"(max-width: 800px) 100vw, 800px\" \/>\t\t\t\t\t\t\t\t\t\t\t\t\t\t\t<\/div>\n\t\t\t\t<\/div>\n\t\t\t\t\t<\/div>\n\t\t<\/div>\n\t\t\t\t<div class=\"elementor-column elementor-col-33 elementor-top-column elementor-element elementor-element-9c8c94c\" data-id=\"9c8c94c\" data-element_type=\"column\" data-e-type=\"column\">\n\t\t\t<div class=\"elementor-widget-wrap elementor-element-populated\">\n\t\t\t\t\t\t<div class=\"elementor-element elementor-element-b9d6418 elementor-widget__width-initial elementor-widget elementor-widget-image\" data-id=\"b9d6418\" data-element_type=\"widget\" data-e-type=\"widget\" data-widget_type=\"image.default\">\n\t\t\t\t<div class=\"elementor-widget-container\">\n\t\t\t\t\t\t\t\t\t\t\t\t\t\t\t<img loading=\"lazy\" decoding=\"async\" width=\"800\" height=\"182\" src=\"https:\/\/poesiesommer.ch\/wp-content\/uploads\/2023\/06\/SCHWEDISCHE-BOTSCHAFT_BERN_RGB-1024x233.jpg\" class=\"attachment-large size-large wp-image-565\" alt=\"\" srcset=\"https:\/\/poesiesommer.ch\/wp-content\/uploads\/2023\/06\/SCHWEDISCHE-BOTSCHAFT_BERN_RGB-1024x233.jpg 1024w, https:\/\/poesiesommer.ch\/wp-content\/uploads\/2023\/06\/SCHWEDISCHE-BOTSCHAFT_BERN_RGB-300x68.jpg 300w, https:\/\/poesiesommer.ch\/wp-content\/uploads\/2023\/06\/SCHWEDISCHE-BOTSCHAFT_BERN_RGB-768x175.jpg 768w, https:\/\/poesiesommer.ch\/wp-content\/uploads\/2023\/06\/SCHWEDISCHE-BOTSCHAFT_BERN_RGB-1536x349.jpg 1536w, https:\/\/poesiesommer.ch\/wp-content\/uploads\/2023\/06\/SCHWEDISCHE-BOTSCHAFT_BERN_RGB-2048x466.jpg 2048w\" sizes=\"(max-width: 800px) 100vw, 800px\" \/>\t\t\t\t\t\t\t\t\t\t\t\t\t\t\t<\/div>\n\t\t\t\t<\/div>\n\t\t\t\t\t<\/div>\n\t\t<\/div>\n\t\t\t\t\t<\/div>\n\t\t<\/section>\n\t\t\t\t<\/div>\n\t\t","protected":false},"excerpt":{"rendered":"<p>Programm Juli August September Oktober November Kontakt X Seetaler Poesiesommer 2025 August Mittwoch, 6. August, Calpiogna (Tessin), 14 Uhr \u00abIncontri tra i cipressi del Ticino \u2013 Celebrit\u00e0 che non ti aspetti nei nostri cimiteri\u00bb heisst der informative, 2024 in der Reihe Terra ticinese erschienene Band von Mare Dignola (Savosa). Er versammelt Pers\u00f6nlichkeiten, die im Tessin [&hellip;]<\/p>\n","protected":false},"author":1,"featured_media":0,"parent":0,"menu_order":0,"comment_status":"closed","ping_status":"closed","template":"elementor_canvas","meta":{"footnotes":""},"class_list":["post-113","page","type-page","status-publish","hentry"],"_links":{"self":[{"href":"https:\/\/poesiesommer.ch\/index.php\/wp-json\/wp\/v2\/pages\/113","targetHints":{"allow":["GET"]}}],"collection":[{"href":"https:\/\/poesiesommer.ch\/index.php\/wp-json\/wp\/v2\/pages"}],"about":[{"href":"https:\/\/poesiesommer.ch\/index.php\/wp-json\/wp\/v2\/types\/page"}],"author":[{"embeddable":true,"href":"https:\/\/poesiesommer.ch\/index.php\/wp-json\/wp\/v2\/users\/1"}],"replies":[{"embeddable":true,"href":"https:\/\/poesiesommer.ch\/index.php\/wp-json\/wp\/v2\/comments?post=113"}],"version-history":[{"count":167,"href":"https:\/\/poesiesommer.ch\/index.php\/wp-json\/wp\/v2\/pages\/113\/revisions"}],"predecessor-version":[{"id":1503,"href":"https:\/\/poesiesommer.ch\/index.php\/wp-json\/wp\/v2\/pages\/113\/revisions\/1503"}],"wp:attachment":[{"href":"https:\/\/poesiesommer.ch\/index.php\/wp-json\/wp\/v2\/media?parent=113"}],"curies":[{"name":"wp","href":"https:\/\/api.w.org\/{rel}","templated":true}]}}